{"id":127,"date":"2023-04-03T18:22:35","date_gmt":"2023-04-03T16:22:35","guid":{"rendered":"https:\/\/conscordoba.esteri.it\/home\/"},"modified":"2023-08-29T15:39:17","modified_gmt":"2023-08-29T13:39:17","slug":"home","status":"publish","type":"page","link":"https:\/\/conscordoba.esteri.it\/es\/","title":{"rendered":"Home"},"content":{"rendered":"        <section class=\"it-hero-wrapper it-dark it-overlay it-text-centered\">\n            <!-- - img-->\n            <div class=\"img-responsive-wrapper\">\n                <div class=\"img-responsive\">\n                    <div class=\"img-wrapper\">\n                        <img decoding=\"async\" loading=\"lazy\" width=\"1920\" height=\"2400\" src=\"https:\/\/conscordoba.esteri.it\/wp-content\/uploads\/2026\/01\/CARD_1_4.51.jpg\" srcset=\"https:\/\/conscordoba.esteri.it\/wp-content\/uploads\/2026\/01\/CARD_1_4.51.jpg 1920w, https:\/\/conscordoba.esteri.it\/wp-content\/uploads\/2026\/01\/CARD_1_4.51-240x300.jpg 240w, https:\/\/conscordoba.esteri.it\/wp-content\/uploads\/2026\/01\/CARD_1_4.51-819x1024.jpg 819w, https:\/\/conscordoba.esteri.it\/wp-content\/uploads\/2026\/01\/CARD_1_4.51-768x960.jpg 768w\" sizes=\"auto, (max-width: 1920px) 100vw, 1920px\" alt=\"Consulado General de Italia en C\u00f3rdoba - Referendum Constitucional Confirmatorio 22 - 23 de marzo de 2026\">\n                    <\/div>\n                <\/div>\n            <\/div>\n            <!-- - texts-->\n            <div class=\"container\">\n                <div class=\"row\">\n                    <div class=\"col-12\">\n                        <div class=\"it-hero-text-wrapper bg-dark\">\n                            <h2 class=\"h1\"><a class=\"text-white text-decoration-none\" href=\"https:\/\/conscordoba.esteri.it\/es\/servizi-consolari-e-visti\/servizi-per-il-cittadino-italiano\/servizi-elettorali\/referendum\/referendum-constitucional-confirmatorio-22-y-23-de-marzo-de-2026\/\" title=\"Ir a la pagina https:\/\/conscordoba.esteri.it\/es\/servizi-consolari-e-visti\/servizi-per-il-cittadino-italiano\/servizi-elettorali\/referendum\/referendum-constitucional-confirmatorio-22-y-23-de-marzo-de-2026\/\"> Consulado General de Italia en C\u00f3rdoba - Referendum Constitucional Confirmatorio 22 - 23 de marzo de 2026<\/a><\/h2>\n                        <\/div>\n                    <\/div>\n                <\/div>\n            <\/div>\n    <\/section>\n        \n\n        <section class=\"container-fluid primary-bg\">\n        <div class=\"box-container-maxwidth argomenti\">\n            <div class=\"row p-md-5 p-2 text-center\">\n                <div class=\"col-md-3\">\n                    <h3 class=\"text-white\">Temas destacados<\/h3>\n                <\/div>\n                <div class=\"col-md-9\">\n                                        <div class=\"chip chip-info chip-lg\">\n                        <a href=\"https:\/\/conscordoba.esteri.it\/it\/servizi-consolari-e-visti\/\" title=\"Ir a la pagina Servicios consulares\" class=\"chip-label\">Servicios consulares<\/a>\n                    <\/div>\n                                        <div class=\"chip chip-info chip-lg\">\n                        <a href=\"https:\/\/conscordoba.esteri.it\/it\/servizi-consolari-e-visti\/servizi-per-il-cittadino-italiano\/modulistica\/\" title=\"Ir a la pagina Formularios\" class=\"chip-label\">Formularios<\/a>\n                    <\/div>\n                                        <div class=\"chip chip-info chip-lg\">\n                        <a href=\"https:\/\/conscordoba.esteri.it\/it\/servizi-consolari-e-visti\/servizi-per-il-cittadino-italiano\/tariffe-consolari\/\" title=\"Ir a la pagina Tarifas consulares\" class=\"chip-label\">Tarifas consulares<\/a>\n                    <\/div>\n                                        <div class=\"chip chip-info chip-lg\">\n                        <a href=\"https:\/\/conscordoba.esteri.it\/it\/servizi-consolari-e-visti\/servizi-per-il-cittadino-italiano\/servizio-telefonico\/\" title=\"Ir a la pagina Servicio telef\u00f3nico\" class=\"chip-label\">Servicio telef\u00f3nico<\/a>\n                    <\/div>\n                                        <div class=\"chip chip-info chip-lg\">\n                        <a href=\"https:\/\/www.youtube.com\/playlist?list=PLBaw2EjeYykPh0ITOQNy4XpsvaGBKber7\" title=\"Ir a la pagina Italia Lidera\" class=\"chip-label\">Italia Lidera<\/a>\n                    <\/div>\n                                    <\/div>\n            <\/div>\n        <\/div>\n    <\/section>\n        \n    <section class=\"container-fluid c-line lightgrey-bg-a4 pt-5 pb-5\">\n        <div class=\"container\">\n        <div class=\"row pb-5\">\n            <div class=\"col-md-12 text-center\">\n                <h3>Noticias y comunicados de prensa<\/h3>\n            <\/div>\n        <\/div>\n        <div class=\"row\">\n                        <div class=\"col-12 col-lg-8\">                <div>\n                <!--start card-->\n                <div class=\"card-wrapper \">\n                    <div class=\"card card-img c-line lightgrey-bg-a4\">\n                        <div class=\"img-responsive-wrapper\">\n                            <div class=\"img-responsive\">\n                                <figure class=\"img-wrapper\">\n                                    <a href=\"https:\/\/conscordoba.esteri.it\/es\/news\/dal_consolato\/2026\/04\/pasaportes-habilitacion-de-nuevos-turnos-12\/\" title=\"Leer el art\u00edculo: PASAPORTES: HABILITACI\u00d3N DE NUEVOS TURNOS\">\n                                                                            <img decoding=\"async\" loading=\"lazy\" class=\"img-fluid\" width=\"640\" height=\"361\" src=\"https:\/\/conscordoba.esteri.it\/wp-content\/uploads\/2025\/10\/2_20251031_150355_0001.png\" srcset=\"https:\/\/conscordoba.esteri.it\/wp-content\/uploads\/2025\/10\/2_20251031_150355_0001.png 1640w, https:\/\/conscordoba.esteri.it\/wp-content\/uploads\/2025\/10\/2_20251031_150355_0001-300x169.png 300w, https:\/\/conscordoba.esteri.it\/wp-content\/uploads\/2025\/10\/2_20251031_150355_0001-1024x577.png 1024w, https:\/\/conscordoba.esteri.it\/wp-content\/uploads\/2025\/10\/2_20251031_150355_0001-768x433.png 768w\" sizes=\"auto, (max-width: 1640px) 100vw, 1640px\" title=\"2_20251031_150355_0001\" alt=\"Abilitazione passaporti\">\n                                     \n                                    <\/a>\n                                <\/figure>\n                            <\/div>\n                        <\/div>\n                        <div class=\"card-body\">\n                            <div class=\"category-top \">\n                                <svg class=\"icon icon-sm\">\n                                    <use xlink:href=\"https:\/\/conscordoba.esteri.it\/wp-content\/themes\/sedi-tema\/assets\/svg\/sprites.svg#it-calendar\"><\/use>\n                                <\/svg>\n                            <!-- <a class=\"category\" title=\"Vai alla pagina: Approfondimenti\" href=\"https:\/\/www.esteri.it\/it\/sala_stampa\/archivionotizie\/approfondimenti\/\">Approfondimenti<\/a> -->\n                                <span class=\"ms-2\">30 Abr 2026<\/span>\n                            <\/div>\n                        <p class=\"h4 mb-2\"><a class=\"text-decoration-none text-body\" href=\"https:\/\/conscordoba.esteri.it\/es\/news\/dal_consolato\/2026\/04\/pasaportes-habilitacion-de-nuevos-turnos-12\/\" title=\"Leer el art\u00edculo: PASAPORTES: HABILITACI\u00d3N DE NUEVOS TURNOS\">PASAPORTES: HABILITACI\u00d3N DE NUEVOS TURNOS<\/a><\/p>\n                        <p class=\"card-text\">Les informamos a los usuarios que la habilitaci\u00f3n de los nuevos turnos para la emisi\u00f3n\/renovaci\u00f3n del\u00a0Pasaporte\u00a0ser\u00e1 el\u00a0d\u00eda mi\u00e9rcoles 06 de...<\/p>\n                        <a class=\"read-more\" href=\"https:\/\/conscordoba.esteri.it\/es\/news\/dal_consolato\/2026\/04\/pasaportes-habilitacion-de-nuevos-turnos-12\/\" title=\"Leer el art\u00edculo: PASAPORTES: HABILITACI\u00d3N DE NUEVOS TURNOS\">\n                            <span class=\"text\">Lee mas<\/span>\n                            <svg class=\"icon\">\n                            <use href=\"https:\/\/conscordoba.esteri.it\/wp-content\/themes\/sedi-tema\/assets\/svg\/sprites.svg#it-arrow-right\"><\/use>\n                            <\/svg><\/a>\n                        <\/div>\n                    <\/div>\n                <\/div>\n                <!--end card-->\n                <\/div>\n            <\/div>                        <div class=\"col-12 col-lg-4\">                <div>\n                <!--start card-->\n                <div class=\"card-wrapper card-space\">\n                    <div class=\"card card-img card-bg no-after\">\n                        <div class=\"img-responsive-wrapper\">\n                            <div class=\"img-responsive\">\n                                <figure class=\"img-wrapper\">\n                                    <a href=\"https:\/\/conscordoba.esteri.it\/es\/news\/dal_consolato\/2026\/04\/ciudadania-reconstruccion-iure-sanguinis-habilitacion-nuevos-turnos-9\/\" title=\"Leer el art\u00edculo: Ciudadan\u00eda \u2013 Reconstrucci\u00f3n Iure Sanguinis: Habilitaci\u00f3n nuevos turnos\">\n                                                                            <img decoding=\"async\" loading=\"lazy\" class=\"img-fluid\" width=\"640\" height=\"361\" src=\"https:\/\/conscordoba.esteri.it\/wp-content\/uploads\/2025\/06\/Imagenes-para-sitio-web--768x433.png\" srcset=\"https:\/\/conscordoba.esteri.it\/wp-content\/uploads\/2025\/06\/Imagenes-para-sitio-web-.png 1640w, https:\/\/conscordoba.esteri.it\/wp-content\/uploads\/2025\/06\/Imagenes-para-sitio-web--300x169.png 300w, https:\/\/conscordoba.esteri.it\/wp-content\/uploads\/2025\/06\/Imagenes-para-sitio-web--1024x577.png 1024w, https:\/\/conscordoba.esteri.it\/wp-content\/uploads\/2025\/06\/Imagenes-para-sitio-web--768x433.png 768w\" sizes=\"auto, (max-width: 1640px) 100vw, 1640px\" title=\"Abilitazione appuntamenti citt.za\" alt=\"Abilitazione nuovi appuntamenti\">\n                                     \n                                    <\/a>\n                                <\/figure>\n                            <\/div>\n                        <\/div>\n                        <div class=\"card-body\">\n                            <div class=\"category-top cat-lat\">\n                                <svg class=\"icon icon-sm\">\n                                    <use xlink:href=\"https:\/\/conscordoba.esteri.it\/wp-content\/themes\/sedi-tema\/assets\/svg\/sprites.svg#it-calendar\"><\/use>\n                                <\/svg>\n                            <!-- <a class=\"category\" title=\"Vai alla pagina: Approfondimenti\" href=\"https:\/\/www.esteri.it\/it\/sala_stampa\/archivionotizie\/approfondimenti\/\">Approfondimenti<\/a> -->\n                                <span class=\"ms-2\">23 Abr 2026<\/span>\n                            <\/div>\n                        <p class=\"h6 card-title mb-5\"><a class=\"text-decoration-none text-body\" href=\"https:\/\/conscordoba.esteri.it\/es\/news\/dal_consolato\/2026\/04\/ciudadania-reconstruccion-iure-sanguinis-habilitacion-nuevos-turnos-9\/\" title=\"Leer el art\u00edculo: Ciudadan\u00eda \u2013 Reconstrucci\u00f3n Iure Sanguinis: Habilitaci\u00f3n nuevos turnos\">Ciudadan\u00eda \u2013 Reconstrucci\u00f3n Iure Sanguinis: Habilitaci\u00f3n nuevos turnos<\/a><\/p>\n                        <p class=\"card-text\"><\/p>\n                        <a class=\"read-more\" href=\"https:\/\/conscordoba.esteri.it\/es\/news\/dal_consolato\/2026\/04\/ciudadania-reconstruccion-iure-sanguinis-habilitacion-nuevos-turnos-9\/\" title=\"Leer el art\u00edculo: Ciudadan\u00eda \u2013 Reconstrucci\u00f3n Iure Sanguinis: Habilitaci\u00f3n nuevos turnos\">\n                            <span class=\"text\">Lee mas<\/span>\n                            <svg class=\"icon\">\n                            <use href=\"https:\/\/conscordoba.esteri.it\/wp-content\/themes\/sedi-tema\/assets\/svg\/sprites.svg#it-arrow-right\"><\/use>\n                            <\/svg><\/a>\n                        <\/div>\n                    <\/div>\n                <\/div>\n                <!--end card-->\n                <\/div>\n                                                    <div>\n                <!--start card-->\n                <div class=\"card-wrapper card-space\">\n                    <div class=\"card card-img card-bg no-after\">\n                        <div class=\"img-responsive-wrapper\">\n                            <div class=\"img-responsive\">\n                                <figure class=\"img-wrapper\">\n                                    <a href=\"https:\/\/conscordoba.esteri.it\/es\/news\/dal_consolato\/2026\/04\/ciudadania-reconstruccion-iure-sanguinis-habilitacion-nuevos-turnos-8\/\" title=\"Leer el art\u00edculo: Ciudadan\u00eda \u2013 Reconstrucci\u00f3n Iure Sanguinis: Habilitaci\u00f3n nuevos turnos\">\n                                                                            <img decoding=\"async\" loading=\"lazy\" class=\"img-fluid\" width=\"640\" height=\"361\" src=\"https:\/\/conscordoba.esteri.it\/wp-content\/uploads\/2025\/06\/Imagenes-para-sitio-web--768x433.png\" srcset=\"https:\/\/conscordoba.esteri.it\/wp-content\/uploads\/2025\/06\/Imagenes-para-sitio-web-.png 1640w, https:\/\/conscordoba.esteri.it\/wp-content\/uploads\/2025\/06\/Imagenes-para-sitio-web--300x169.png 300w, https:\/\/conscordoba.esteri.it\/wp-content\/uploads\/2025\/06\/Imagenes-para-sitio-web--1024x577.png 1024w, https:\/\/conscordoba.esteri.it\/wp-content\/uploads\/2025\/06\/Imagenes-para-sitio-web--768x433.png 768w\" sizes=\"auto, (max-width: 1640px) 100vw, 1640px\" title=\"Abilitazione appuntamenti citt.za\" alt=\"Abilitazione nuovi appuntamenti\">\n                                     \n                                    <\/a>\n                                <\/figure>\n                            <\/div>\n                        <\/div>\n                        <div class=\"card-body\">\n                            <div class=\"category-top cat-lat\">\n                                <svg class=\"icon icon-sm\">\n                                    <use xlink:href=\"https:\/\/conscordoba.esteri.it\/wp-content\/themes\/sedi-tema\/assets\/svg\/sprites.svg#it-calendar\"><\/use>\n                                <\/svg>\n                            <!-- <a class=\"category\" title=\"Vai alla pagina: Approfondimenti\" href=\"https:\/\/www.esteri.it\/it\/sala_stampa\/archivionotizie\/approfondimenti\/\">Approfondimenti<\/a> -->\n                                <span class=\"ms-2\">02 Abr 2026<\/span>\n                            <\/div>\n                        <p class=\"h6 card-title mb-5\"><a class=\"text-decoration-none text-body\" href=\"https:\/\/conscordoba.esteri.it\/es\/news\/dal_consolato\/2026\/04\/ciudadania-reconstruccion-iure-sanguinis-habilitacion-nuevos-turnos-8\/\" title=\"Leer el art\u00edculo: Ciudadan\u00eda \u2013 Reconstrucci\u00f3n Iure Sanguinis: Habilitaci\u00f3n nuevos turnos\">Ciudadan\u00eda \u2013 Reconstrucci\u00f3n Iure Sanguinis: Habilitaci\u00f3n nuevos turnos<\/a><\/p>\n                        <p class=\"card-text\"><\/p>\n                        <a class=\"read-more\" href=\"https:\/\/conscordoba.esteri.it\/es\/news\/dal_consolato\/2026\/04\/ciudadania-reconstruccion-iure-sanguinis-habilitacion-nuevos-turnos-8\/\" title=\"Leer el art\u00edculo: Ciudadan\u00eda \u2013 Reconstrucci\u00f3n Iure Sanguinis: Habilitaci\u00f3n nuevos turnos\">\n                            <span class=\"text\">Lee mas<\/span>\n                            <svg class=\"icon\">\n                            <use href=\"https:\/\/conscordoba.esteri.it\/wp-content\/themes\/sedi-tema\/assets\/svg\/sprites.svg#it-arrow-right\"><\/use>\n                            <\/svg><\/a>\n                        <\/div>\n                    <\/div>\n                <\/div>\n                <!--end card-->\n                <\/div>\n            <\/div>                    <\/div>\n        <\/div>\n    <\/section>\n        \n        <section id=\"rete-diplomatica\" class=\"container-fluid pb-5 pt-5\">\n            <div class=\"box-container-maxwidth\">\n           <div class=\"row text-white\">\n            <div class=\"col-xl-7 bg-primary\">\n                <div class=\"image-rete-diplomatica\">\n                    <picture>\n                        <source type=\"image\/webp\" srcset=\"https:\/\/conscordoba.esteri.it\/wp-content\/themes\/sedi-tema\/assets\/img\/mappa-rete.webp\" >\n                        <source type=\"image\/jpg\" srcset=\"https:\/\/conscordoba.esteri.it\/wp-content\/themes\/sedi-tema\/assets\/img\/mappa-rete.jpg\" >\n                        <img decoding=\"async\" width=\"1200\" height=\"731\" loading=\"lazy\" class=\"img-fluid\" src=\"https:\/\/conscordoba.esteri.it\/wp-content\/themes\/sedi-tema\/assets\/img\/mappa-rete.jpg\" alt=\"Mapa de localizaci\u00f3n\" >\n                    <\/picture>\n                <\/div>\n            <\/div>\n                <div class=\"col-xl-5 bg-primary p-5 it-list-wrapper\">\n                    <h3 class=\"pb-5\">La Red Diplom\u00e1tica Consular<\/h3>\n                    <ul class=\"it-list mappa-ul\">\n                                                <li class=\"pb-2\">\n                        <div class=\"list-item\">\n                            <div>\n                            <picture>\n                                <source type=\"image\/webp\" srcset=\"https:\/\/conscordoba.esteri.it\/wp-content\/themes\/sedi-tema\/assets\/img\/pin\/2x\/icona-rosa-2x.webp 2x, https:\/\/conscordoba.esteri.it\/wp-content\/themes\/sedi-tema\/assets\/img\/pin\/1x\/icona-rosa.webp 1x\" >\n                                <source type=\"image\/png\" srcset=\"https:\/\/conscordoba.esteri.it\/wp-content\/themes\/sedi-tema\/assets\/img\/pin\/icona-rosa.png\" >\n                                <img decoding=\"async\" class=\"align-self-center me-3 rounded-circle pin-mappa\" loading=\"lazy\" width=\"50\" height=\"50\" src=\"https:\/\/conscordoba.esteri.it\/wp-content\/themes\/sedi-tema\/assets\/img\/pin\/icona-rosa.png\" alt=\"Pin de la sede Ambasciata d&#039;Italia a Buenos Aires\" >\n                            <\/picture>   \n                            <\/div>\n                                <div class=\"it-right-zone\">\n                                    <a class=\"text-white text text-decoration-none\" title=\"Ir al lugar Ambasciata d&#039;Italia a Buenos Aires\" href=\"https:\/\/ambbuenosaires.esteri.it\/it\/\">\n                                        <h4 class=\"h5 mt-0 mb-1\">Ambasciata d&#039;Italia a Buenos Aires<\/h4>\n                                        Billinghurst n. 2577, C1425DTY, C.A.B.A.                                    <\/a>\n                                <\/div>\n                        <\/div>\n                        <\/li>\n                                                <li class=\"pb-2\">\n                        <div class=\"list-item\">\n                            <div>\n                            <picture>\n                                <source type=\"image\/webp\" srcset=\"https:\/\/conscordoba.esteri.it\/wp-content\/themes\/sedi-tema\/assets\/img\/pin\/2x\/icona-rosa-2x.webp 2x, https:\/\/conscordoba.esteri.it\/wp-content\/themes\/sedi-tema\/assets\/img\/pin\/1x\/icona-rosa.webp 1x\" >\n                                <source type=\"image\/png\" srcset=\"https:\/\/conscordoba.esteri.it\/wp-content\/themes\/sedi-tema\/assets\/img\/pin\/icona-rosa.png\" >\n                                <img decoding=\"async\" class=\"align-self-center me-3 rounded-circle pin-mappa\" loading=\"lazy\" width=\"50\" height=\"50\" src=\"https:\/\/conscordoba.esteri.it\/wp-content\/themes\/sedi-tema\/assets\/img\/pin\/icona-rosa.png\" alt=\"Pin de la sede Consolato Generale d&#039;Italia a Buenos Aires\" >\n                            <\/picture>   \n                            <\/div>\n                                <div class=\"it-right-zone\">\n                                    <a class=\"text-white text text-decoration-none\" title=\"Ir al lugar Consolato Generale d&#039;Italia a Buenos Aires\" href=\"https:\/\/consbuenosaires.esteri.it\/it\/\">\n                                        <h4 class=\"h5 mt-0 mb-1\">Consolato Generale d&#039;Italia a Buenos Aires<\/h4>\n                                        Reconquista n. 572, C1003ABL, C.A.B.A.                                    <\/a>\n                                <\/div>\n                        <\/div>\n                        <\/li>\n                                                <li class=\"pb-2\">\n                        <div class=\"list-item\">\n                            <div>\n                            <picture>\n                                <source type=\"image\/webp\" srcset=\"https:\/\/conscordoba.esteri.it\/wp-content\/themes\/sedi-tema\/assets\/img\/pin\/2x\/icona-arancio-2x.webp 2x, https:\/\/conscordoba.esteri.it\/wp-content\/themes\/sedi-tema\/assets\/img\/pin\/1x\/icona-arancio.webp 1x\" >\n                                <source type=\"image\/png\" srcset=\"https:\/\/conscordoba.esteri.it\/wp-content\/themes\/sedi-tema\/assets\/img\/pin\/icona-arancio.png\" >\n                                <img decoding=\"async\" class=\"align-self-center me-3 rounded-circle pin-mappa\" loading=\"lazy\" width=\"50\" height=\"50\" src=\"https:\/\/conscordoba.esteri.it\/wp-content\/themes\/sedi-tema\/assets\/img\/pin\/icona-arancio.png\" alt=\"Pin de la sede Istituto Italiano di Cultura di Cordoba\" >\n                            <\/picture>   \n                            <\/div>\n                                <div class=\"it-right-zone\">\n                                    <a class=\"text-white text text-decoration-none\" title=\"Ir al lugar Istituto Italiano di Cultura di Cordoba\" href=\"https:\/\/iiccordoba.esteri.it\/iic_cordoba\/it\">\n                                        <h4 class=\"h5 mt-0 mb-1\">Istituto Italiano di Cultura di Cordoba<\/h4>\n                                        Ayacucho 131 - 5000 C\u00f3rdoba                                    <\/a>\n                                <\/div>\n                        <\/div>\n                        <\/li>\n                                                <li class=\"pb-2\">\n                        <div class=\"list-item\">\n                            <div>\n                            <picture>\n                                <source type=\"image\/webp\" srcset=\"https:\/\/conscordoba.esteri.it\/wp-content\/themes\/sedi-tema\/assets\/img\/pin\/2x\/icona-arancio-2x.webp 2x, https:\/\/conscordoba.esteri.it\/wp-content\/themes\/sedi-tema\/assets\/img\/pin\/1x\/icona-arancio.webp 1x\" >\n                                <source type=\"image\/png\" srcset=\"https:\/\/conscordoba.esteri.it\/wp-content\/themes\/sedi-tema\/assets\/img\/pin\/icona-arancio.png\" >\n                                <img decoding=\"async\" class=\"align-self-center me-3 rounded-circle pin-mappa\" loading=\"lazy\" width=\"50\" height=\"50\" src=\"https:\/\/conscordoba.esteri.it\/wp-content\/themes\/sedi-tema\/assets\/img\/pin\/icona-arancio.png\" alt=\"Pin de la sede Consolato Generale d&#039;Italia a Cordoba\" >\n                            <\/picture>   \n                            <\/div>\n                                <div class=\"it-right-zone\">\n                                    <a class=\"text-white text text-decoration-none\" title=\"Ir al lugar Consolato Generale d&#039;Italia a Cordoba\" href=\"https:\/\/conscordoba.esteri.it\/it\/chi-siamo\/la-rete-consolare\/\">\n                                        <h4 class=\"h5 mt-0 mb-1\">Consolato Generale d&#039;Italia a Cordoba<\/h4>\n                                        Av. V\u00e9lez S\u00e1rsfield 360 - 5000 C\u00f3rdoba                                    <\/a>\n                                <\/div>\n                        <\/div>\n                        <\/li>\n                                                <li class=\"media\">\n                            <a class=\"text-uppercase text-white fw-bold text-decoration-none\" href=\"https:\/\/conscordoba.esteri.it\/es\/chi-siamo\/la-rete-consolare\/\">Lista completa<\/a>\n                        <\/li>\n                    <\/ul>\n                <\/div>\n        <\/div>\n        <\/div>\n        <\/section>\n        \n        <!-- Sezione siti tematici -->\n        <section class=\"container pt-5 pb-5\">\n          <div class=\"row pt-5\">\n              <div class=\"col-12 text-center\">\n                <h3>Portales Farnesina<\/h3>\n            <\/div>\n          <\/div>\n          <div class=\"py-4\">\n            <div class=\"card-wrapper card-teaser-wrapper card-teaser-wrapper-equal card-teaser-block-3\">\n                            <div class=\"card card-teaser card-bg-info rounded\">\n                    <div class=\"avatar siti-tematici-img size-lg me-3 rounded-0 bg-transparent\">\n                    <picture>\n                        <source type=\"image\/webp\" srcset=\"https:\/\/conscordoba.esteri.it\/wp-content\/themes\/sedi-tema\/assets\/img\/icone-portali\/2x\/pc-2x.webp 2x,https:\/\/conscordoba.esteri.it\/wp-content\/themes\/sedi-tema\/assets\/img\/icone-portali\/1x\/pc.webp 1x\" >\n                        <source type=\"image\/png\" srcset=\"https:\/\/conscordoba.esteri.it\/wp-content\/themes\/sedi-tema\/assets\/img\/icone-portali\/pc.png\" >\n                        <img decoding=\"async\" loading=\"lazy\" width=\"40\" height=\"40\" class=\"rounded-0\" src=\"https:\/\/conscordoba.esteri.it\/wp-content\/themes\/sedi-tema\/assets\/img\/icone-portali\/pc.png\"  alt=\"Prenot@Mi\" >\n                    <\/picture> \n                    <\/div>\n                    <div class=\"card-body\">\n                    <a class=\"text-white siti-tematici text-decoration-none\" title=\"Ir al portal Prenot@Mi\" target=\"_blank\" href=\"https:\/\/prenotami.esteri.it\/\" rel=\"noopener\">\n                    <p class=\"card-title h4\">\n                        Prenot@Mi                    <\/p>\n                    <p class=\"card-text text-sans-serif\">\n                        Servicio de reservas en l\u00ednea para los servicios consulares                    <\/p>\n                    <\/a>\n                    <\/div>\n                <\/div>\n                            <div class=\"card card-teaser card-bg-violet rounded\">\n                    <div class=\"avatar siti-tematici-img size-lg me-3 rounded-0 bg-transparent\">\n                    <picture>\n                        <source type=\"image\/webp\" srcset=\"https:\/\/conscordoba.esteri.it\/wp-content\/themes\/sedi-tema\/assets\/img\/icone-portali\/2x\/rocket-2x.webp 2x,https:\/\/conscordoba.esteri.it\/wp-content\/themes\/sedi-tema\/assets\/img\/icone-portali\/1x\/rocket.webp 1x\" >\n                        <source type=\"image\/png\" srcset=\"https:\/\/conscordoba.esteri.it\/wp-content\/themes\/sedi-tema\/assets\/img\/icone-portali\/rocket.png\" >\n                        <img decoding=\"async\" loading=\"lazy\" width=\"40\" height=\"40\" class=\"rounded-0\" src=\"https:\/\/conscordoba.esteri.it\/wp-content\/themes\/sedi-tema\/assets\/img\/icone-portali\/rocket.png\"  alt=\"Fast IT\" >\n                    <\/picture> \n                    <\/div>\n                    <div class=\"card-body\">\n                    <a class=\"text-white siti-tematici text-decoration-none\" title=\"Ir al portal Fast IT\" target=\"_blank\" href=\"https:\/\/serviziconsolari.esteri.it\/\" rel=\"noopener\">\n                    <p class=\"card-title h4\">\n                        Fast IT                    <\/p>\n                    <p class=\"card-text text-sans-serif\">\n                        El portal de servicios consulares                    <\/p>\n                    <\/a>\n                    <\/div>\n                <\/div>\n                            <div class=\"card card-teaser card-bg-warning rounded\">\n                    <div class=\"avatar siti-tematici-img size-lg me-3 rounded-0 bg-transparent\">\n                    <picture>\n                        <source type=\"image\/webp\" srcset=\"https:\/\/conscordoba.esteri.it\/wp-content\/themes\/sedi-tema\/assets\/img\/icone-portali\/2x\/builder-2x.webp 2x,https:\/\/conscordoba.esteri.it\/wp-content\/themes\/sedi-tema\/assets\/img\/icone-portali\/1x\/builder.webp 1x\" >\n                        <source type=\"image\/png\" srcset=\"https:\/\/conscordoba.esteri.it\/wp-content\/themes\/sedi-tema\/assets\/img\/icone-portali\/builder.png\" >\n                        <img decoding=\"async\" loading=\"lazy\" width=\"40\" height=\"40\" class=\"rounded-0\" src=\"https:\/\/conscordoba.esteri.it\/wp-content\/themes\/sedi-tema\/assets\/img\/icone-portali\/builder.png\"  alt=\"Visto per l&#039;Italia\" >\n                    <\/picture> \n                    <\/div>\n                    <div class=\"card-body\">\n                    <a class=\"text-white siti-tematici text-decoration-none\" title=\"Ir al portal Visto per l&#039;Italia\" target=\"_blank\" href=\"https:\/\/vistoperitalia.esteri.it\" rel=\"noopener\">\n                    <p class=\"card-title h4\">\n                        Visto per l&#039;Italia                    <\/p>\n                    <p class=\"card-text text-sans-serif\">\n                        Informaci\u00f3n para los ciudadanos extranjeros que quieren viajar a Italia                    <\/p>\n                    <\/a>\n                    <\/div>\n                <\/div>\n                            <div class=\"card card-teaser card-bg-primary rounded\">\n                    <div class=\"avatar siti-tematici-img size-lg me-3 rounded-0 bg-transparent\">\n                    <picture>\n                        <source type=\"image\/webp\" srcset=\"https:\/\/conscordoba.esteri.it\/wp-content\/themes\/sedi-tema\/assets\/img\/icone-portali\/2x\/ico-italea-2x.webp 2x,https:\/\/conscordoba.esteri.it\/wp-content\/themes\/sedi-tema\/assets\/img\/icone-portali\/1x\/ico-italea.webp 1x\" >\n                        <source type=\"image\/png\" srcset=\"https:\/\/conscordoba.esteri.it\/wp-content\/themes\/sedi-tema\/assets\/img\/icone-portali\/ico-italea.png\" >\n                        <img decoding=\"async\" loading=\"lazy\" width=\"40\" height=\"40\" class=\"rounded-0\" src=\"https:\/\/conscordoba.esteri.it\/wp-content\/themes\/sedi-tema\/assets\/img\/icone-portali\/ico-italea.png\"  alt=\"Italea\" >\n                    <\/picture> \n                    <\/div>\n                    <div class=\"card-body\">\n                    <a class=\"text-white siti-tematici text-decoration-none\" title=\"Ir al portal Italea\" target=\"_blank\" href=\"https:\/\/italea.com\/\" rel=\"noopener\">\n                    <p class=\"card-title h4\">\n                        Italea                    <\/p>\n                    <p class=\"card-text text-sans-serif\">\n                        Para los que quieren redescubrir sus ra\u00edces en Italia                    <\/p>\n                    <\/a>\n                    <\/div>\n                <\/div>\n                            <div class=\"card card-teaser card-bg-celeste rounded\">\n                    <div class=\"avatar siti-tematici-img size-lg me-3 rounded-0 bg-transparent\">\n                    <picture>\n                        <source type=\"image\/webp\" srcset=\"https:\/\/conscordoba.esteri.it\/wp-content\/themes\/sedi-tema\/assets\/img\/icone-portali\/2x\/opportunitaly-2x.webp 2x,https:\/\/conscordoba.esteri.it\/wp-content\/themes\/sedi-tema\/assets\/img\/icone-portali\/1x\/opportunitaly.webp 1x\" >\n                        <source type=\"image\/png\" srcset=\"https:\/\/conscordoba.esteri.it\/wp-content\/themes\/sedi-tema\/assets\/img\/icone-portali\/opportunitaly.png\" >\n                        <img decoding=\"async\" loading=\"lazy\" width=\"40\" height=\"40\" class=\"rounded-0\" src=\"https:\/\/conscordoba.esteri.it\/wp-content\/themes\/sedi-tema\/assets\/img\/icone-portali\/opportunitaly.png\"  alt=\"OpportunItaly\" >\n                    <\/picture> \n                    <\/div>\n                    <div class=\"card-body\">\n                    <a class=\"text-white siti-tematici text-decoration-none\" title=\"Ir al portal OpportunItaly\" target=\"_blank\" href=\"https:\/\/opportunitaly.gov.it\/\" rel=\"noopener\">\n                    <p class=\"card-title h4\">\n                        OpportunItaly                    <\/p>\n                    <p class=\"card-text text-sans-serif\">\n                        El programa de aceleraci\u00f3n de las exportaciones italianas                    <\/p>\n                    <\/a>\n                    <\/div>\n                <\/div>\n                            <div class=\"card card-teaser card-bg-success rounded\">\n                    <div class=\"avatar siti-tematici-img size-lg me-3 rounded-0 bg-transparent\">\n                    <picture>\n                        <source type=\"image\/webp\" srcset=\"https:\/\/conscordoba.esteri.it\/wp-content\/themes\/sedi-tema\/assets\/img\/icone-portali\/2x\/markets-2x.webp 2x,https:\/\/conscordoba.esteri.it\/wp-content\/themes\/sedi-tema\/assets\/img\/icone-portali\/1x\/markets.webp 1x\" >\n                        <source type=\"image\/png\" srcset=\"https:\/\/conscordoba.esteri.it\/wp-content\/themes\/sedi-tema\/assets\/img\/icone-portali\/markets.png\" >\n                        <img decoding=\"async\" loading=\"lazy\" width=\"40\" height=\"40\" class=\"rounded-0\" src=\"https:\/\/conscordoba.esteri.it\/wp-content\/themes\/sedi-tema\/assets\/img\/icone-portali\/markets.png\"  alt=\"Nexus\" >\n                    <\/picture> \n                    <\/div>\n                    <div class=\"card-body\">\n                    <a class=\"text-white siti-tematici text-decoration-none\" title=\"Ir al portal Nexus\" target=\"_blank\" href=\"https:\/\/nexus.esteri.it\/\" rel=\"noopener\">\n                    <p class=\"card-title h4\">\n                        Nexus                    <\/p>\n                    <p class=\"card-text text-sans-serif\">\n                        Tu canal directo con las oficinas de comercio de la Farnesina y del mundo                    <\/p>\n                    <\/a>\n                    <\/div>\n                <\/div>\n                        <\/div>\n          <\/div>\n          <div class=\"row mb-4\">\n            <div class=\"col-md-12 text-center\">\n              <a class=\"btn btn-outline-primary\" target=\"_blank\" rel=\"noopener\" title=\"Explora todos los portales\" href=\"https:\/\/www.esteri.it\/it\/ministero\/portali-del-ministero-degli-affari-esteri\/\">Explora todos los portales<\/a>\n           <\/div>\n          <\/div>\n        <\/section>\n        \n        <section class=\"container-fluid pt-5 pb-5\">\n            <div class=\"container\">\n                <div class=\"row\">\n                    <div class=\"col-12 text-center mb-5\">\n                        <h3>S\u00edguenos en nuestras #Redes<\/h3>\n                    <\/div>\n                <\/div>\n                <div class=\"row text-center\">\n                                        <div class=\"col \">\n                        <a target=\"_blank\" href=\"https:\/\/www.twitter.com\/ItalyinCordoba\" title=\"Ir al canal twitter\" rel=\"noopener\">\n                            <picture>\n                                <source type=\"image\/webp\" srcset=\"https:\/\/conscordoba.esteri.it\/wp-content\/themes\/sedi-tema\/assets\/img\/social-ico\/2x\/twitter-ico-2x.webp 2x,https:\/\/conscordoba.esteri.it\/wp-content\/themes\/sedi-tema\/assets\/img\/social-ico\/1x\/twitter-ico.webp 1x\" >\n                                <source type=\"image\/png\" srcset=\"https:\/\/conscordoba.esteri.it\/wp-content\/themes\/sedi-tema\/assets\/img\/social-ico\/twitter-ico.png\" >\n                                <img decoding=\"async\" loading=\"lazy\" width=\"100\" height=\"100\" src=\"https:\/\/conscordoba.esteri.it\/wp-content\/themes\/sedi-tema\/assets\/img\/social-ico\/twitter-ico.png\" class=\"figure-img ico-social\" alt=\"Social twitter\" >\n                            <\/picture> \n                        <\/a>\n                    <\/div>\n                                        <div class=\"col \">\n                        <a target=\"_blank\" href=\"https:\/\/www.facebook.com\/italyincordoba\/\" title=\"Ir al canal facebook\" rel=\"noopener\">\n                            <picture>\n                                <source type=\"image\/webp\" srcset=\"https:\/\/conscordoba.esteri.it\/wp-content\/themes\/sedi-tema\/assets\/img\/social-ico\/2x\/facebook-ico-2x.webp 2x,https:\/\/conscordoba.esteri.it\/wp-content\/themes\/sedi-tema\/assets\/img\/social-ico\/1x\/facebook-ico.webp 1x\" >\n                                <source type=\"image\/png\" srcset=\"https:\/\/conscordoba.esteri.it\/wp-content\/themes\/sedi-tema\/assets\/img\/social-ico\/facebook-ico.png\" >\n                                <img decoding=\"async\" loading=\"lazy\" width=\"100\" height=\"100\" src=\"https:\/\/conscordoba.esteri.it\/wp-content\/themes\/sedi-tema\/assets\/img\/social-ico\/facebook-ico.png\" class=\"figure-img ico-social\" alt=\"Social facebook\" >\n                            <\/picture> \n                        <\/a>\n                    <\/div>\n                                        <div class=\"col \">\n                        <a target=\"_blank\" href=\"https:\/\/www.youtube.com\/channel\/UCfMjiR2qez5zNYgaf4T4bWQ\" title=\"Ir al canal youtube\" rel=\"noopener\">\n                            <picture>\n                                <source type=\"image\/webp\" srcset=\"https:\/\/conscordoba.esteri.it\/wp-content\/themes\/sedi-tema\/assets\/img\/social-ico\/2x\/youtube-ico-2x.webp 2x,https:\/\/conscordoba.esteri.it\/wp-content\/themes\/sedi-tema\/assets\/img\/social-ico\/1x\/youtube-ico.webp 1x\" >\n                                <source type=\"image\/png\" srcset=\"https:\/\/conscordoba.esteri.it\/wp-content\/themes\/sedi-tema\/assets\/img\/social-ico\/youtube-ico.png\" >\n                                <img decoding=\"async\" loading=\"lazy\" width=\"100\" height=\"100\" src=\"https:\/\/conscordoba.esteri.it\/wp-content\/themes\/sedi-tema\/assets\/img\/social-ico\/youtube-ico.png\" class=\"figure-img ico-social\" alt=\"Social youtube\" >\n                            <\/picture> \n                        <\/a>\n                    <\/div>\n                                        <div class=\"col \">\n                        <a target=\"_blank\" href=\"https:\/\/www.instagram.com\/italyincordobaok\/\" title=\"Ir al canal instagram\" rel=\"noopener\">\n                            <picture>\n                                <source type=\"image\/webp\" srcset=\"https:\/\/conscordoba.esteri.it\/wp-content\/themes\/sedi-tema\/assets\/img\/social-ico\/2x\/instagram-ico-2x.webp 2x,https:\/\/conscordoba.esteri.it\/wp-content\/themes\/sedi-tema\/assets\/img\/social-ico\/1x\/instagram-ico.webp 1x\" >\n                                <source type=\"image\/png\" srcset=\"https:\/\/conscordoba.esteri.it\/wp-content\/themes\/sedi-tema\/assets\/img\/social-ico\/instagram-ico.png\" >\n                                <img decoding=\"async\" loading=\"lazy\" width=\"100\" height=\"100\" src=\"https:\/\/conscordoba.esteri.it\/wp-content\/themes\/sedi-tema\/assets\/img\/social-ico\/instagram-ico.png\" class=\"figure-img ico-social\" alt=\"Social instagram\" >\n                            <\/picture> \n                        <\/a>\n                    <\/div>\n                                        <div class=\"col \">\n                        <a target=\"_blank\" href=\"https:\/\/www.linkedin.com\/in\/italyincordoba\/\" title=\"Ir al canal linkedin\" rel=\"noopener\">\n                            <picture>\n                                <source type=\"image\/webp\" srcset=\"https:\/\/conscordoba.esteri.it\/wp-content\/themes\/sedi-tema\/assets\/img\/social-ico\/2x\/linkedin-ico-2x.webp 2x,https:\/\/conscordoba.esteri.it\/wp-content\/themes\/sedi-tema\/assets\/img\/social-ico\/1x\/linkedin-ico.webp 1x\" >\n                                <source type=\"image\/png\" srcset=\"https:\/\/conscordoba.esteri.it\/wp-content\/themes\/sedi-tema\/assets\/img\/social-ico\/linkedin-ico.png\" >\n                                <img decoding=\"async\" loading=\"lazy\" width=\"100\" height=\"100\" src=\"https:\/\/conscordoba.esteri.it\/wp-content\/themes\/sedi-tema\/assets\/img\/social-ico\/linkedin-ico.png\" class=\"figure-img ico-social\" alt=\"Social linkedin\" >\n                            <\/picture> \n                        <\/a>\n                    <\/div>\n                                    <\/div>\n                <div class=\"row mb-4 mt-4\">\n                    <div class=\"col-md-12 text-center\">\n                        <a class=\"btn btn-outline-primary\" target=\"_blank\" rel=\"noopener\" title=\"Explora las redes sociales de la Red Farnesina\" href=\"https:\/\/www.esteri.it\/it\/sala_stampa\/socialfarnesina\/\">Explora las redes sociales de la Red Farnesina<\/a>\n                    <\/div>\n                <\/div>\n            <\/div>\n        <\/section>\n       \n        <!-- Blocco Banner -->\n        <section class=\"container-fluid c-line lightgrey-bg-a4 pb-5 pt-5 banners-hp\">\n          <h2 class=\"visually-hidden\">Bloque de pancartas<\/h2>\n                    <div class=\"container\">\n            <div class=\"row\">\n                            <div class=\"col-lg-4\">\n                <div class=\"it-grid-item-wrapper\">\n                    <div class=\"img-responsive-wrapper\">\n                        <div class=\"img-responsive\">\n                            <div class=\"img-wrapper\">\n                                <!-- <figure class=\"figure mt-5 mb-5\"> -->\n                                <a href=\"https:\/\/www.esteri.it\/it\/politica-estera-e-cooperazione-allo-sviluppo\/aree_geografiche\/europa\/litalia-a-sostegno-dellucraina\/\" title=\"Ir a la pagina https:\/\/www.esteri.it\/it\/politica-estera-e-cooperazione-allo-sviluppo\/aree_geografiche\/europa\/litalia-a-sostegno-dellucraina\/\" target=\"_blank\">\n                                    <img decoding=\"async\" loading=\"lazy\" width=\"640\" height=\"427\" src=\"https:\/\/conscordoba.esteri.it\/wp-content\/uploads\/2023\/04\/LItalia-e-il-conflitto-in-Ucraina-2-768x512.jpg\" srcset=\"https:\/\/conscordoba.esteri.it\/wp-content\/uploads\/2023\/04\/LItalia-e-il-conflitto-in-Ucraina-2.jpg 1024w, https:\/\/conscordoba.esteri.it\/wp-content\/uploads\/2023\/04\/LItalia-e-il-conflitto-in-Ucraina-2-300x200.jpg 300w, https:\/\/conscordoba.esteri.it\/wp-content\/uploads\/2023\/04\/LItalia-e-il-conflitto-in-Ucraina-2-768x512.jpg 768w\" class=\"figure-img img-fluid\" alt=\"Ir a la pagina https:\/\/www.esteri.it\/it\/politica-estera-e-cooperazione-allo-sviluppo\/aree_geografiche\/europa\/litalia-a-sostegno-dellucraina\/\" > \n                                <!-- <\/figure> -->\n                                <\/a>\n                            <\/div>\n                        <\/div>\n                    <\/div>\n                <\/div>\n              <\/div>\n                            <div class=\"col-lg-4\">\n                <div class=\"it-grid-item-wrapper\">\n                    <div class=\"img-responsive-wrapper\">\n                        <div class=\"img-responsive\">\n                            <div class=\"img-wrapper\">\n                                <!-- <figure class=\"figure mt-5 mb-5\"> -->\n                                <a href=\"https:\/\/www.esteri.it\/it\/ministero\/normativaonline\/informazioni-sugli-spostamenti-dallitalia-verso-lestero\/\" title=\"Ir a la pagina https:\/\/www.esteri.it\/it\/ministero\/normativaonline\/informazioni-sugli-spostamenti-dallitalia-verso-lestero\/\" target=\"_blank\">\n                                    <img decoding=\"async\" loading=\"lazy\" width=\"640\" height=\"421\" src=\"https:\/\/conscordoba.esteri.it\/wp-content\/uploads\/2023\/04\/informazioni-sugli-spostamenti-dallitalia-verso-estero-768x505.jpg\" srcset=\"https:\/\/conscordoba.esteri.it\/wp-content\/uploads\/2023\/04\/informazioni-sugli-spostamenti-dallitalia-verso-estero.jpg 1600w, https:\/\/conscordoba.esteri.it\/wp-content\/uploads\/2023\/04\/informazioni-sugli-spostamenti-dallitalia-verso-estero-300x197.jpg 300w, https:\/\/conscordoba.esteri.it\/wp-content\/uploads\/2023\/04\/informazioni-sugli-spostamenti-dallitalia-verso-estero-1024x674.jpg 1024w, https:\/\/conscordoba.esteri.it\/wp-content\/uploads\/2023\/04\/informazioni-sugli-spostamenti-dallitalia-verso-estero-768x505.jpg 768w\" class=\"figure-img img-fluid\" alt=\"Ir a la pagina https:\/\/www.esteri.it\/it\/ministero\/normativaonline\/informazioni-sugli-spostamenti-dallitalia-verso-lestero\/\" > \n                                <!-- <\/figure> -->\n                                <\/a>\n                            <\/div>\n                        <\/div>\n                    <\/div>\n                <\/div>\n              <\/div>\n                            <div class=\"col-lg-4\">\n                <div class=\"it-grid-item-wrapper\">\n                    <div class=\"img-responsive-wrapper\">\n                        <div class=\"img-responsive\">\n                            <div class=\"img-wrapper\">\n                                <!-- <figure class=\"figure mt-5 mb-5\"> -->\n                                <a href=\"https:\/\/madeinitaly.gov.it\/en\/\" title=\"Ir a la pagina https:\/\/madeinitaly.gov.it\/en\/\" target=\"_blank\">\n                                    <img decoding=\"async\" loading=\"lazy\" width=\"640\" height=\"422\" src=\"https:\/\/conscordoba.esteri.it\/wp-content\/uploads\/2023\/04\/BOX_BE-IT-768x506.jpg\" srcset=\"https:\/\/conscordoba.esteri.it\/wp-content\/uploads\/2023\/04\/BOX_BE-IT.jpg 799w, https:\/\/conscordoba.esteri.it\/wp-content\/uploads\/2023\/04\/BOX_BE-IT-300x197.jpg 300w, https:\/\/conscordoba.esteri.it\/wp-content\/uploads\/2023\/04\/BOX_BE-IT-768x506.jpg 768w\" class=\"figure-img img-fluid\" alt=\"Ir a la pagina https:\/\/madeinitaly.gov.it\/en\/\" > \n                                <!-- <\/figure> -->\n                                <\/a>\n                            <\/div>\n                        <\/div>\n                    <\/div>\n                <\/div>\n              <\/div>\n                          <\/div>\n          <\/div>\n                  <\/section>\n        \n","protected":false},"excerpt":{"rendered":"","protected":false},"author":1,"featured_media":0,"parent":0,"menu_order":0,"comment_status":"closed","ping_status":"closed","template":"page-home.php","meta":{"footnotes":""},"class_list":["post-127","page","type-page","status-publish","hentry"],"_links":{"self":[{"href":"https:\/\/conscordoba.esteri.it\/es\/wp-json\/wp\/v2\/pages\/127","targetHints":{"allow":["GET"]}}],"collection":[{"href":"https:\/\/conscordoba.esteri.it\/es\/wp-json\/wp\/v2\/pages"}],"about":[{"href":"https:\/\/conscordoba.esteri.it\/es\/wp-json\/wp\/v2\/types\/page"}],"author":[{"embeddable":true,"href":"https:\/\/conscordoba.esteri.it\/es\/wp-json\/wp\/v2\/users\/1"}],"replies":[{"embeddable":true,"href":"https:\/\/conscordoba.esteri.it\/es\/wp-json\/wp\/v2\/comments?post=127"}],"version-history":[{"count":0,"href":"https:\/\/conscordoba.esteri.it\/es\/wp-json\/wp\/v2\/pages\/127\/revisions"}],"wp:attachment":[{"href":"https:\/\/conscordoba.esteri.it\/es\/wp-json\/wp\/v2\/media?parent=127"}],"curies":[{"name":"wp","href":"https:\/\/api.w.org\/{rel}","templated":true}]}}