{"id":144,"date":"2023-04-03T18:25:01","date_gmt":"2023-04-03T16:25:01","guid":{"rendered":"https:\/\/conscordoba.esteri.it\/news\/"},"modified":"2023-05-04T13:19:36","modified_gmt":"2023-05-04T11:19:36","slug":"news","status":"publish","type":"page","link":"https:\/\/conscordoba.esteri.it\/es\/news\/","title":{"rendered":"Noticias"},"content":{"rendered":"        <div class=\"row\">\n\t\t\t<!-- Ricerca sedi post -->\n\t\t\t<div class=\"col-12 mt-4\">\n\t\t\t  <div class=\"callout callout-highlight note ricerca-esteri p-4\">\n                    <div class=\"callout-title\">\n                        <svg class=\"icon\">\n                            <use xlink:href=\"https:\/\/conscordoba.esteri.it\/wp-content\/themes\/sedi-tema\/assets\/svg\/sprites.svg#it-search\"><\/use>\n                        <\/svg>Introduzca sus par\u00e1metros de b\u00fasqueda                    <\/div>\n                    <form id=\"searchFormPost\" name=\"form-search-post\" class=\"form-row align-items-center\" action=\"https:\/\/conscordoba.esteri.it\/es\/wp-json\/wp\/v2\/pages\/144\/\" method=\"GET\"> \n                        <!-- <div class=\"form-group pt-5\"> -->\n                            <!-- <input type=\"hidden\" id=\"lang\" name=\"lang\" value=\"\"> --> <!-- <\/div> -->\n\n                        <div class=\"it-datepicker-wrapper\">\n                            <div class=\"row\">\n                                <div class=\"form-group col-md-6\">\n                                    <label class=\"active\" for=\"date-init\">Desde el<\/label>\n                                    <input class=\"form-control\" name=\"date-init\" id=\"date-init\" type=\"date\" placeholder=\"gg\/mm\/aaaa\" value=\"\"lang=\"en-EN\">  \n                                <\/div>\n                                <div class=\"form-group col-md-6\">\n                                    <label class=\"active\" for=\"date-end\">Hasta el<\/label>\n                                    <input class=\"form-control\" name=\"date-end\" id=\"date-end\" type=\"date\" placeholder=\"gg\/mm\/aaaa\" value=\"\">\n                                <\/div>\n                            <\/div>\n                        <\/div>\n                        <div class=\"form-group col-md-12 mt-3\">\n                            <label for=\"searchText\">Campo de b\u00fasqueda libre<\/label>\n                            <input type=\"text\" name=\"searchText\" class=\"form-control\" id=\"searchText\" value=\"\">\n                        <\/div>\n                        <div class=\"form-group col-md-4 offset-md-8 text-end\">\n                            <a href=\"https:\/\/conscordoba.esteri.it\/es\/news\/\" title=\"Form reset\" id=\"resetImput\" class=\"btn btn-outline-primary btn-xs\">Reset<\/a>\n                            <button type=\"submit\" class=\"btn btn-primary btn-xs\">Mostrar resultados<\/button>\n                        <\/div>\n                    <\/form>\n\t\t\t\t<\/div>\n\t\t\t<\/div>\n\t\t<\/div>\n                    \n            <div class=\"row\">\n                            <div class=\"col-12 mt-3\">\n                <!--start card-->\n                <div class=\"card-wrapper card-space\">\n                    <div class=\"card card-bg card-big border-bottom-card\">\n                        <div class=\"card-body \">\n                                                        <div class=\"category-top\">\n                                                                                                            <span class=\"\">\n                                        <svg class=\"icon icon-secondary\">\n                                            <use xlink:href=\"https:\/\/conscordoba.esteri.it\/wp-content\/themes\/sedi-tema\/assets\/svg\/sprites.svg#it-calendar\"><\/use>\n                                        <\/svg> 1 septiembre 2026                                    <\/span>\n                                                                    <\/div>\n                            <h5 class=\"card-title big-heading text-uppercase\"><a class=\"text-body text-decoration-none\" href=\"https:\/\/conscordoba.esteri.it\/es\/news\/dal_consolato\/2026\/09\/elecciones-com-it-es-2026-ya-sabes-como-votar\/\" title=\"ELECCIONES COM.IT.ES 2026: \u00bfYA SAB\u00c9S COMO VOTAR?\">ELECCIONES COM.IT.ES 2026: \u00bfYA SAB\u00c9S COMO VOTAR?<\/a><\/h5>\n                            <p class=\"card-text\">Antes de fin de a\u00f1o se llevar\u00e1n a cabo las elecciones para la renovaci\u00f3n de los Com.It.Es. Record\u00e1 actualizar tu domicilio a trav\u00e9s del portal FAST IT e inscribirte en el padr\u00f3n de los electores. M\u00e1s informaci\u00f3n: https:\/\/conscordoba.esteri.it\/&#8230;\/elezioni-com-it-es-2026\/<\/p>\n                                <a title=\"ELECCIONES COM.IT.ES 2026: \u00bfYA SAB\u00c9S COMO VOTAR?\" class=\"read-more\" href=\"https:\/\/conscordoba.esteri.it\/es\/news\/dal_consolato\/2026\/09\/elecciones-com-it-es-2026-ya-sabes-como-votar\/\">\n                                    <span class=\"text\">Lee mas<\/span>\n                                    <svg class=\"icon\">\n                                    <use xlink:href=\"https:\/\/conscordoba.esteri.it\/wp-content\/themes\/sedi-tema\/assets\/svg\/sprites.svg#it-arrow-right\"><\/use>\n                                    <\/svg>\n                                <\/a>\n                                                    <\/div>\n                    <\/div>\n                <\/div>\n                <!--end card-->\n                <\/div><!-- col-12 .mt-3-->\n                            <div class=\"col-12 mt-3\">\n                <!--start card-->\n                <div class=\"card-wrapper card-space\">\n                    <div class=\"card card-bg card-big border-bottom-card\">\n                        <div class=\"card-body \">\n                                                        <div class=\"category-top\">\n                                                                                                            <span class=\"\">\n                                        <svg class=\"icon icon-secondary\">\n                                            <use xlink:href=\"https:\/\/conscordoba.esteri.it\/wp-content\/themes\/sedi-tema\/assets\/svg\/sprites.svg#it-calendar\"><\/use>\n                                        <\/svg> 27 agosto 2026                                    <\/span>\n                                                                    <\/div>\n                            <h5 class=\"card-title big-heading text-uppercase\"><a class=\"text-body text-decoration-none\" href=\"https:\/\/conscordoba.esteri.it\/es\/news\/dal_consolato\/2026\/08\/eleccione-com-it-es-2026-que-hacer-antes-de-votar\/\" title=\"ELECCIONE COM.IT.ES 2026: \u00bfQU\u00c9 HACER ANTES DE VOTAR?\">ELECCIONE COM.IT.ES 2026: \u00bfQU\u00c9 HACER ANTES DE VOTAR?<\/a><\/h5>\n                            <p class=\"card-text\">Antes de fin de a\u00f1o se llevar\u00e1n a cabo las elecciones para la renovaci\u00f3n de los Com.It.Es. Para emitir tu voto, asegurate de actualizar tu direcci\u00f3n a trav\u00e9s el portal FAST IT. M\u00e1s informaci\u00f3n: https:\/\/consbuenosaires.esteri.it\/&#8230;\/elezioni-comites-2026\/<\/p>\n                                <a title=\"ELECCIONE COM.IT.ES 2026: \u00bfQU\u00c9 HACER ANTES DE VOTAR?\" class=\"read-more\" href=\"https:\/\/conscordoba.esteri.it\/es\/news\/dal_consolato\/2026\/08\/eleccione-com-it-es-2026-que-hacer-antes-de-votar\/\">\n                                    <span class=\"text\">Lee mas<\/span>\n                                    <svg class=\"icon\">\n                                    <use xlink:href=\"https:\/\/conscordoba.esteri.it\/wp-content\/themes\/sedi-tema\/assets\/svg\/sprites.svg#it-arrow-right\"><\/use>\n                                    <\/svg>\n                                <\/a>\n                                                    <\/div>\n                    <\/div>\n                <\/div>\n                <!--end card-->\n                <\/div><!-- col-12 .mt-3-->\n                            <div class=\"col-12 mt-3\">\n                <!--start card-->\n                <div class=\"card-wrapper card-space\">\n                    <div class=\"card card-bg card-big border-bottom-card\">\n                        <div class=\"card-body \">\n                                                        <div class=\"category-top\">\n                                                                                                            <span class=\"\">\n                                        <svg class=\"icon icon-secondary\">\n                                            <use xlink:href=\"https:\/\/conscordoba.esteri.it\/wp-content\/themes\/sedi-tema\/assets\/svg\/sprites.svg#it-calendar\"><\/use>\n                                        <\/svg> 17 agosto 2026                                    <\/span>\n                                                                    <\/div>\n                            <h5 class=\"card-title big-heading text-uppercase\"><a class=\"text-body text-decoration-none\" href=\"https:\/\/conscordoba.esteri.it\/es\/news\/dal_consolato\/2026\/08\/elezioni-com-it-es-2026-come-partecipare-e-modalita-di-espressione-del-voto\/\" title=\"Elezioni Com.It.Es 2026 &#8211; Come partecipare e modalit\u00e0 di espressione del voto\">Elezioni Com.It.Es 2026 &#8211; Come partecipare e modalit\u00e0 di espressione del voto<\/a><\/h5>\n                            <p class=\"card-text\">Le elezioni per il rinnovo e l\u2019istituzione dei COMITES si terranno entro la fine del 2026. I Comitati degli italiani all\u2019estero sono organi di rappresentanza della collettivit\u00e0 italiana nei rapporti con le rappresentanze diplomatico-consolari e operano per l\u2019integrazione della comunit\u00e0 italiana residente nel Paese straniero in cui si trovano. A questo importante appuntamento elettorale potranno [&hellip;]<\/p>\n                                <a title=\"Elezioni Com.It.Es 2026 &#8211; Come partecipare e modalit\u00e0 di espressione del voto\" class=\"read-more\" href=\"https:\/\/conscordoba.esteri.it\/es\/news\/dal_consolato\/2026\/08\/elezioni-com-it-es-2026-come-partecipare-e-modalita-di-espressione-del-voto\/\">\n                                    <span class=\"text\">Lee mas<\/span>\n                                    <svg class=\"icon\">\n                                    <use xlink:href=\"https:\/\/conscordoba.esteri.it\/wp-content\/themes\/sedi-tema\/assets\/svg\/sprites.svg#it-arrow-right\"><\/use>\n                                    <\/svg>\n                                <\/a>\n                                                    <\/div>\n                    <\/div>\n                <\/div>\n                <!--end card-->\n                <\/div><!-- col-12 .mt-3-->\n                            <div class=\"col-12 mt-3\">\n                <!--start card-->\n                <div class=\"card-wrapper card-space\">\n                    <div class=\"card card-bg card-big border-bottom-card\">\n                        <div class=\"card-body \">\n                                                        <div class=\"category-top\">\n                                                                                                            <span class=\"\">\n                                        <svg class=\"icon icon-secondary\">\n                                            <use xlink:href=\"https:\/\/conscordoba.esteri.it\/wp-content\/themes\/sedi-tema\/assets\/svg\/sprites.svg#it-calendar\"><\/use>\n                                        <\/svg> 14 agosto 2026                                    <\/span>\n                                                                    <\/div>\n                            <h5 class=\"card-title big-heading text-uppercase\"><a class=\"text-body text-decoration-none\" href=\"https:\/\/conscordoba.esteri.it\/es\/news\/dal_consolato\/2026\/08\/elezione-com-it-es-2026-predisposizione-e-presentazione-delle-liste-elettorali-sottoscrizione-ed-autentica-delle-firme\/\" title=\"Elezione Com.It.Es 2026 &#8211; Predisposizione e presentazione delle liste elettorali. Sottoscrizione ed autentica delle firme\">Elezione Com.It.Es 2026 &#8211; Predisposizione e presentazione delle liste elettorali. Sottoscrizione ed autentica delle firme<\/a><\/h5>\n                            <p class=\"card-text\">Nel 2026 avranno luogo le elezioni per il rinnovo dei Comitati degli Italiani all\u2019Estero (Com.It.Es.). Ai sensi dell\u2019art. 14 del DPR 395\/2003, le liste possono essere presentate all\u2019Ufficio elettorale nelle ore d\u2019ufficio dal ventesimo al trentesimo giorno successivo all\u2019indizione. La raccolta delle firme, la sottoscrizione delle liste e le relative autentiche possono avvenire sin da [&hellip;]<\/p>\n                                <a title=\"Elezione Com.It.Es 2026 &#8211; Predisposizione e presentazione delle liste elettorali. Sottoscrizione ed autentica delle firme\" class=\"read-more\" href=\"https:\/\/conscordoba.esteri.it\/es\/news\/dal_consolato\/2026\/08\/elezione-com-it-es-2026-predisposizione-e-presentazione-delle-liste-elettorali-sottoscrizione-ed-autentica-delle-firme\/\">\n                                    <span class=\"text\">Lee mas<\/span>\n                                    <svg class=\"icon\">\n                                    <use xlink:href=\"https:\/\/conscordoba.esteri.it\/wp-content\/themes\/sedi-tema\/assets\/svg\/sprites.svg#it-arrow-right\"><\/use>\n                                    <\/svg>\n                                <\/a>\n                                                    <\/div>\n                    <\/div>\n                <\/div>\n                <!--end card-->\n                <\/div><!-- col-12 .mt-3-->\n                            <div class=\"col-12 mt-3\">\n                <!--start card-->\n                <div class=\"card-wrapper card-space\">\n                    <div class=\"card card-bg card-big border-bottom-card\">\n                        <div class=\"card-body \">\n                                                        <div class=\"category-top\">\n                                                                                                            <span class=\"\">\n                                        <svg class=\"icon icon-secondary\">\n                                            <use xlink:href=\"https:\/\/conscordoba.esteri.it\/wp-content\/themes\/sedi-tema\/assets\/svg\/sprites.svg#it-calendar\"><\/use>\n                                        <\/svg> 7 agosto 2026                                    <\/span>\n                                                                    <\/div>\n                            <h5 class=\"card-title big-heading text-uppercase\"><a class=\"text-body text-decoration-none\" href=\"https:\/\/conscordoba.esteri.it\/es\/news\/dal_consolato\/2026\/08\/messaggio-del-vice-presidente-del-consiglio-dei-ministri-e-ministro-degli-affari-esteri-e-della-cooperazione-internazionale-on-antonio-tajani-in-occasione-del-70-anniversario-della-tragedia-d\/\" title=\"MESSAGGIO DEL VICE PRESIDENTE DEL CONSIGLIO DEI MINISTRI E MINISTRO DEGLI AFFARI ESTERI E DELLA COOPERAZIONE INTERNAZIONALE, ON. ANTONIO TAJANI, IN OCCASIONE DEL 70\u00b0 ANNIVERSARIO DELLA TRAGEDIA DI MARCINELLE E DELLA 25\u00aa GIORNATA NAZIONALE DEL SACRIFICIO DEL LAVORO ITALIANO NEL MONDO.\">MESSAGGIO DEL VICE PRESIDENTE DEL CONSIGLIO DEI MINISTRI E MINISTRO DEGLI AFFARI ESTERI E DELLA COOPERAZIONE INTERNAZIONALE, ON. ANTONIO TAJANI, IN OCCASIONE DEL 70\u00b0 ANNIVERSARIO DELLA TRAGEDIA DI MARCINELLE E DELLA 25\u00aa GIORNATA NAZIONALE DEL SACRIFICIO DEL LAVORO ITALIANO NEL MONDO.<\/a><\/h5>\n                            <p class=\"card-text\">\u00abSettant\u2019anni fa, l\u20198 agosto 1956, Marcinelle entr\u00f2 per sempre nella memoria collettiva del nostro Paese e dell\u2019Europa. Nel pozzo del Bois du Cazier persero la vita 262 lavoratori di dodici nazionalit\u00e0, di cui 136 italiani. Oggi li ricordiamo uno ad uno. Dietro quei numeri vi erano nomi, volti, famiglie, speranze. Uomini partiti per costruire, attraverso [&hellip;]<\/p>\n                                <a title=\"MESSAGGIO DEL VICE PRESIDENTE DEL CONSIGLIO DEI MINISTRI E MINISTRO DEGLI AFFARI ESTERI E DELLA COOPERAZIONE INTERNAZIONALE, ON. ANTONIO TAJANI, IN OCCASIONE DEL 70\u00b0 ANNIVERSARIO DELLA TRAGEDIA DI MARCINELLE E DELLA 25\u00aa GIORNATA NAZIONALE DEL SACRIFICIO DEL LAVORO ITALIANO NEL MONDO.\" class=\"read-more\" href=\"https:\/\/conscordoba.esteri.it\/es\/news\/dal_consolato\/2026\/08\/messaggio-del-vice-presidente-del-consiglio-dei-ministri-e-ministro-degli-affari-esteri-e-della-cooperazione-internazionale-on-antonio-tajani-in-occasione-del-70-anniversario-della-tragedia-d\/\">\n                                    <span class=\"text\">Lee mas<\/span>\n                                    <svg class=\"icon\">\n                                    <use xlink:href=\"https:\/\/conscordoba.esteri.it\/wp-content\/themes\/sedi-tema\/assets\/svg\/sprites.svg#it-arrow-right\"><\/use>\n                                    <\/svg>\n                                <\/a>\n                                                    <\/div>\n                    <\/div>\n                <\/div>\n                <!--end card-->\n                <\/div><!-- col-12 .mt-3-->\n                            <div class=\"col-12 mt-3\">\n                <!--start card-->\n                <div class=\"card-wrapper card-space\">\n                    <div class=\"card card-bg card-big border-bottom-card\">\n                        <div class=\"card-body \">\n                                                        <div class=\"category-top\">\n                                                                                                            <span class=\"\">\n                                        <svg class=\"icon icon-secondary\">\n                                            <use xlink:href=\"https:\/\/conscordoba.esteri.it\/wp-content\/themes\/sedi-tema\/assets\/svg\/sprites.svg#it-calendar\"><\/use>\n                                        <\/svg> 22 julio 2026                                    <\/span>\n                                                                    <\/div>\n                            <h5 class=\"card-title big-heading text-uppercase\"><a class=\"text-body text-decoration-none\" href=\"https:\/\/conscordoba.esteri.it\/es\/news\/dal_consolato\/2026\/07\/cese-de-la-validez-de-la-carta-didentita-en-formato-papel-para-viajar-al-exterior-a-partir-del-3-de-agosto\/\" title=\"Cese de la validez de la CARTA D\u2019IDENTIT\u00c0 en formato papel para viajar al exterior a partir del 3 de agosto\">Cese de la validez de la CARTA D\u2019IDENTIT\u00c0 en formato papel para viajar al exterior a partir del 3 de agosto<\/a><\/h5>\n                            <p class=\"card-text\">A partir del 3 de agosto de 2026, la versi\u00f3n en papel de la\u00a0carta d\u2019identit\u00e0 dejar\u00e1 de ser v\u00e1lida para viajar al exterior, independientemente de la fecha de caducidad indicada en el reverso. El Decreto-Ley n. 108 del 26\/06\/2026 ha introducido algunas modificaciones importantes: La\u00a0carta d\u2019identit\u00e0\u00a0en papel que no haya caducado podr\u00e1 seguir utiliz\u00e1ndose como [&hellip;]<\/p>\n                                <a title=\"Cese de la validez de la CARTA D\u2019IDENTIT\u00c0 en formato papel para viajar al exterior a partir del 3 de agosto\" class=\"read-more\" href=\"https:\/\/conscordoba.esteri.it\/es\/news\/dal_consolato\/2026\/07\/cese-de-la-validez-de-la-carta-didentita-en-formato-papel-para-viajar-al-exterior-a-partir-del-3-de-agosto\/\">\n                                    <span class=\"text\">Lee mas<\/span>\n                                    <svg class=\"icon\">\n                                    <use xlink:href=\"https:\/\/conscordoba.esteri.it\/wp-content\/themes\/sedi-tema\/assets\/svg\/sprites.svg#it-arrow-right\"><\/use>\n                                    <\/svg>\n                                <\/a>\n                                                    <\/div>\n                    <\/div>\n                <\/div>\n                <!--end card-->\n                <\/div><!-- col-12 .mt-3-->\n                            <div class=\"col-12 mt-3\">\n                <!--start card-->\n                <div class=\"card-wrapper card-space\">\n                    <div class=\"card card-bg card-big border-bottom-card\">\n                        <div class=\"card-body \">\n                                                        <div class=\"category-top\">\n                                                                                                            <span class=\"\">\n                                        <svg class=\"icon icon-secondary\">\n                                            <use xlink:href=\"https:\/\/conscordoba.esteri.it\/wp-content\/themes\/sedi-tema\/assets\/svg\/sprites.svg#it-calendar\"><\/use>\n                                        <\/svg> 22 julio 2026                                    <\/span>\n                                                                    <\/div>\n                            <h5 class=\"card-title big-heading text-uppercase\"><a class=\"text-body text-decoration-none\" href=\"https:\/\/conscordoba.esteri.it\/es\/news\/dal_consolato\/2026\/07\/elecciones-comites-2026\/\" title=\"Elecciones COMITES 2026\">Elecciones COMITES 2026<\/a><\/h5>\n                            <p class=\"card-text\">En 2026 se realizar\u00e1n las elecciones para la renovaci\u00f3n de los\u00a0Comit\u00e9s de los Italianos en el Exterior (Com.It.Es.). Los Com.It.Es. son organismos que representan a los ciudadanos italianos residentes en el exterior ante las Embajadas y los Consulados, y promueven su integraci\u00f3n. Asimismo, tienen la misi\u00f3n de preservar la memoria hist\u00f3rica de la emigraci\u00f3n italiana [&hellip;]<\/p>\n                                <a title=\"Elecciones COMITES 2026\" class=\"read-more\" href=\"https:\/\/conscordoba.esteri.it\/es\/news\/dal_consolato\/2026\/07\/elecciones-comites-2026\/\">\n                                    <span class=\"text\">Lee mas<\/span>\n                                    <svg class=\"icon\">\n                                    <use xlink:href=\"https:\/\/conscordoba.esteri.it\/wp-content\/themes\/sedi-tema\/assets\/svg\/sprites.svg#it-arrow-right\"><\/use>\n                                    <\/svg>\n                                <\/a>\n                                                    <\/div>\n                    <\/div>\n                <\/div>\n                <!--end card-->\n                <\/div><!-- col-12 .mt-3-->\n                            <div class=\"col-12 mt-3\">\n                <!--start card-->\n                <div class=\"card-wrapper card-space\">\n                    <div class=\"card card-bg card-big border-bottom-card\">\n                        <div class=\"card-body \">\n                                                        <div class=\"category-top\">\n                                                                                                            <span class=\"\">\n                                        <svg class=\"icon icon-secondary\">\n                                            <use xlink:href=\"https:\/\/conscordoba.esteri.it\/wp-content\/themes\/sedi-tema\/assets\/svg\/sprites.svg#it-calendar\"><\/use>\n                                        <\/svg> 8 julio 2026                                    <\/span>\n                                                                    <\/div>\n                            <h5 class=\"card-title big-heading text-uppercase\"><a class=\"text-body text-decoration-none\" href=\"https:\/\/conscordoba.esteri.it\/es\/news\/dal_consolato\/2026\/07\/carta-didentita-elettronica-cie-documento-de-identidad-electronico-habilitacion-de-nuevos-turnos-3\/\" title=\"Carta d\u2019identit\u00e0 elettronica \u2013 CIE (Documento de identidad electr\u00f3nico): HABILITACI\u00d3N DE NUEVOS TURNOS\">Carta d\u2019identit\u00e0 elettronica \u2013 CIE (Documento de identidad electr\u00f3nico): HABILITACI\u00d3N DE NUEVOS TURNOS<\/a><\/h5>\n                            <p class=\"card-text\">Les informamos a los usuarios que la habilitaci\u00f3n de los nuevos turnos para la emisi\u00f3n de la\u00a0Carta d\u2019identit\u00e0 elettronica\u00a0ser\u00e1 el\u00a0d\u00eda\u00a0lunes 13 de julio de 2026, a las 11:00 horas de Argentina. La reserva del turno se realiza \u00fanicamente a trav\u00e9s del portal\u00a0oficial y gratuito\u00a0Prenot@mi.<\/p>\n                                <a title=\"Carta d\u2019identit\u00e0 elettronica \u2013 CIE (Documento de identidad electr\u00f3nico): HABILITACI\u00d3N DE NUEVOS TURNOS\" class=\"read-more\" href=\"https:\/\/conscordoba.esteri.it\/es\/news\/dal_consolato\/2026\/07\/carta-didentita-elettronica-cie-documento-de-identidad-electronico-habilitacion-de-nuevos-turnos-3\/\">\n                                    <span class=\"text\">Lee mas<\/span>\n                                    <svg class=\"icon\">\n                                    <use xlink:href=\"https:\/\/conscordoba.esteri.it\/wp-content\/themes\/sedi-tema\/assets\/svg\/sprites.svg#it-arrow-right\"><\/use>\n                                    <\/svg>\n                                <\/a>\n                                                    <\/div>\n                    <\/div>\n                <\/div>\n                <!--end card-->\n                <\/div><!-- col-12 .mt-3-->\n                            <div class=\"col-12 mt-3\">\n                <!--start card-->\n                <div class=\"card-wrapper card-space\">\n                    <div class=\"card card-bg card-big border-bottom-card\">\n                        <div class=\"card-body \">\n                                                        <div class=\"category-top\">\n                                                                                                            <span class=\"\">\n                                        <svg class=\"icon icon-secondary\">\n                                            <use xlink:href=\"https:\/\/conscordoba.esteri.it\/wp-content\/themes\/sedi-tema\/assets\/svg\/sprites.svg#it-calendar\"><\/use>\n                                        <\/svg> 7 julio 2026                                    <\/span>\n                                                                    <\/div>\n                            <h5 class=\"card-title big-heading text-uppercase\"><a class=\"text-body text-decoration-none\" href=\"https:\/\/conscordoba.esteri.it\/es\/news\/dal_consolato\/2026\/07\/ciudadania-reconstruccion-iure-sanguinis-habilitacion-nuevos-turnos-10\/\" title=\"Ciudadan\u00eda \u2013 Reconstrucci\u00f3n Iure Sanguinis: Habilitaci\u00f3n nuevos turnos\">Ciudadan\u00eda \u2013 Reconstrucci\u00f3n Iure Sanguinis: Habilitaci\u00f3n nuevos turnos<\/a><\/h5>\n                            <p class=\"card-text\">Les informamos a los usuarios que la habilitaci\u00f3n de los nuevos turnos para el servicio de ciudadan\u00eda \u201cReconstrucci\u00f3n \u2013 Iure Sanguinis\u201d ser\u00e1 el d\u00eda 10 de julio de 2026, a las 11:00 horas de Argentina. La reserva del turno se realiza \u00fanicamente a trav\u00e9s del portal oficial y gratuito Prenot@mi.<\/p>\n                                <a title=\"Ciudadan\u00eda \u2013 Reconstrucci\u00f3n Iure Sanguinis: Habilitaci\u00f3n nuevos turnos\" class=\"read-more\" href=\"https:\/\/conscordoba.esteri.it\/es\/news\/dal_consolato\/2026\/07\/ciudadania-reconstruccion-iure-sanguinis-habilitacion-nuevos-turnos-10\/\">\n                                    <span class=\"text\">Lee mas<\/span>\n                                    <svg class=\"icon\">\n                                    <use xlink:href=\"https:\/\/conscordoba.esteri.it\/wp-content\/themes\/sedi-tema\/assets\/svg\/sprites.svg#it-arrow-right\"><\/use>\n                                    <\/svg>\n                                <\/a>\n                                                    <\/div>\n                    <\/div>\n                <\/div>\n                <!--end card-->\n                <\/div><!-- col-12 .mt-3-->\n                            <div class=\"col-12 mt-3\">\n                <!--start card-->\n                <div class=\"card-wrapper card-space\">\n                    <div class=\"card card-bg card-big border-bottom-card\">\n                        <div class=\"card-body \">\n                                                        <div class=\"category-top\">\n                                                                                                            <span class=\"\">\n                                        <svg class=\"icon icon-secondary\">\n                                            <use xlink:href=\"https:\/\/conscordoba.esteri.it\/wp-content\/themes\/sedi-tema\/assets\/svg\/sprites.svg#it-calendar\"><\/use>\n                                        <\/svg> 30 junio 2026                                    <\/span>\n                                                                    <\/div>\n                            <h5 class=\"card-title big-heading text-uppercase\"><a class=\"text-body text-decoration-none\" href=\"https:\/\/conscordoba.esteri.it\/es\/news\/dal_consolato\/2026\/06\/pasaportes-habilitacion-de-nuevos-turnos-15\/\" title=\"PASAPORTES: HABILITACI\u00d3N DE NUEVOS TURNOS\">PASAPORTES: HABILITACI\u00d3N DE NUEVOS TURNOS<\/a><\/h5>\n                            <p class=\"card-text\">Les informamos a los usuarios que la habilitaci\u00f3n de los nuevos turnos para la emisi\u00f3n\/renovaci\u00f3n del pasaporte\u00a0ser\u00e1 el\u00a0d\u00eda\u00a0viernes 03 de julio de 2026, a las 11:00 horas de Argentina. La reserva del turno se realiza \u00fanicamente a trav\u00e9s del portal\u00a0oficial y gratuito\u00a0Prenot@mi.<\/p>\n                                <a title=\"PASAPORTES: HABILITACI\u00d3N DE NUEVOS TURNOS\" class=\"read-more\" href=\"https:\/\/conscordoba.esteri.it\/es\/news\/dal_consolato\/2026\/06\/pasaportes-habilitacion-de-nuevos-turnos-15\/\">\n                                    <span class=\"text\">Lee mas<\/span>\n                                    <svg class=\"icon\">\n                                    <use xlink:href=\"https:\/\/conscordoba.esteri.it\/wp-content\/themes\/sedi-tema\/assets\/svg\/sprites.svg#it-arrow-right\"><\/use>\n                                    <\/svg>\n                                <\/a>\n                                                    <\/div>\n                    <\/div>\n                <\/div>\n                <!--end card-->\n                <\/div><!-- col-12 .mt-3-->\n            \n            <div class=\"col-md-12 mt-4 pb-4\">\n                <nav class=\"navigation col-md-12\" aria-label=\"Navigation\">\n                    <h2 class=\"screen-reader-text visually-hidden\">Paginaci\u00f3n<\/h2>\n                    <div class=\"nav-links\">\n                    <span aria-current=\"page\" class=\"page-numbers current\">1<\/span>\n<a class=\"page-numbers\" href=\"https:\/\/conscordoba.esteri.it\/es\/wp-json\/wp\/v2\/pages\/144\/?pag=2\">2<\/a>\n<a class=\"page-numbers\" href=\"https:\/\/conscordoba.esteri.it\/es\/wp-json\/wp\/v2\/pages\/144\/?pag=3\">3<\/a>\n<span class=\"page-numbers dots\">&hellip;<\/span>\n<a class=\"page-numbers\" href=\"https:\/\/conscordoba.esteri.it\/es\/wp-json\/wp\/v2\/pages\/144\/?pag=50\">50<\/a>\n<a class=\"next page-numbers\" href=\"https:\/\/conscordoba.esteri.it\/es\/wp-json\/wp\/v2\/pages\/144\/?pag=2\"><svg class=\"icon icon-primary\"><use xlink:href=\"https:\/\/conscordoba.esteri.it\/wp-content\/themes\/sedi-tema\/assets\/svg\/sprites.svg#it-chevron-right\"><\/use><\/svg>\n                                    <span class=\"visually-hidden\">Siguiente p\u00e1gina<\/span><\/a>                    <\/div>\n                <\/nav>\n            <\/div>   <!--.col-md-12 -->\n              <\/div><!--.row -->\n              \n","protected":false},"excerpt":{"rendered":"","protected":false},"author":1,"featured_media":0,"parent":0,"menu_order":10,"comment_status":"closed","ping_status":"closed","template":"","meta":{"footnotes":""},"class_list":["post-144","page","type-page","status-publish","hentry"],"_links":{"self":[{"href":"https:\/\/conscordoba.esteri.it\/es\/wp-json\/wp\/v2\/pages\/144","targetHints":{"allow":["GET"]}}],"collection":[{"href":"https:\/\/conscordoba.esteri.it\/es\/wp-json\/wp\/v2\/pages"}],"about":[{"href":"https:\/\/conscordoba.esteri.it\/es\/wp-json\/wp\/v2\/types\/page"}],"author":[{"embeddable":true,"href":"https:\/\/conscordoba.esteri.it\/es\/wp-json\/wp\/v2\/users\/1"}],"replies":[{"embeddable":true,"href":"https:\/\/conscordoba.esteri.it\/es\/wp-json\/wp\/v2\/comments?post=144"}],"version-history":[{"count":0,"href":"https:\/\/conscordoba.esteri.it\/es\/wp-json\/wp\/v2\/pages\/144\/revisions"}],"wp:attachment":[{"href":"https:\/\/conscordoba.esteri.it\/es\/wp-json\/wp\/v2\/media?parent=144"}],"curies":[{"name":"wp","href":"https:\/\/api.w.org\/{rel}","templated":true}]}}