{"id":55,"date":"2023-04-03T19:19:57","date_gmt":"2023-04-03T17:19:57","guid":{"rendered":"https:\/\/consolatozurigo.esteri.it\/?page_id=55"},"modified":"2023-04-03T19:19:57","modified_gmt":"2023-04-03T17:19:57","slug":"dal_consolato","status":"publish","type":"page","link":"https:\/\/conscordoba.esteri.it\/it\/news\/dal_consolato\/","title":{"rendered":"Dal Consolato"},"content":{"rendered":"        <div class=\"row\">\n\t\t\t<!-- Ricerca sedi post -->\n\t\t\t<div class=\"col-12 mt-4\">\n\t\t\t  <div class=\"callout callout-highlight note ricerca-esteri p-4\">\n                    <div class=\"callout-title\">\n                        <svg class=\"icon\">\n                            <use xlink:href=\"https:\/\/conscordoba.esteri.it\/wp-content\/themes\/sedi-tema\/assets\/svg\/sprites.svg#it-search\"><\/use>\n                        <\/svg>Inserisci i parametri di ricerca                    <\/div>\n                    <form id=\"searchFormPost\" name=\"form-search-post\" class=\"form-row align-items-center\" action=\"https:\/\/conscordoba.esteri.it\/it\/wp-json\/wp\/v2\/pages\/55\/\" method=\"GET\"> \n                        <!-- <div class=\"form-group pt-5\"> -->\n                            <!-- <input type=\"hidden\" id=\"lang\" name=\"lang\" value=\"\"> --> <!-- <\/div> -->\n\n                        <div class=\"it-datepicker-wrapper\">\n                            <div class=\"row\">\n                                <div class=\"form-group col-md-6\">\n                                    <label class=\"active\" for=\"date-init\">Dal<\/label>\n                                    <input class=\"form-control\" name=\"date-init\" id=\"date-init\" type=\"date\" placeholder=\"gg\/mm\/aaaa\" value=\"\"lang=\"en-EN\">  \n                                <\/div>\n                                <div class=\"form-group col-md-6\">\n                                    <label class=\"active\" for=\"date-end\">Al<\/label>\n                                    <input class=\"form-control\" name=\"date-end\" id=\"date-end\" type=\"date\" placeholder=\"gg\/mm\/aaaa\" value=\"\">\n                                <\/div>\n                            <\/div>\n                        <\/div>\n                        <div class=\"form-group col-md-12 mt-3\">\n                            <label for=\"searchText\">Campo ricerca libera<\/label>\n                            <input type=\"text\" name=\"searchText\" class=\"form-control\" id=\"searchText\" value=\"\">\n                        <\/div>\n                        <div class=\"form-group col-md-4 offset-md-8 text-end\">\n                            <a href=\"https:\/\/conscordoba.esteri.it\/it\/news\/dal_consolato\/\" title=\"Form reset\" id=\"resetImput\" class=\"btn btn-outline-primary btn-xs\">Reset<\/a>\n                            <button type=\"submit\" class=\"btn btn-primary btn-xs\">Mostra risultati<\/button>\n                        <\/div>\n                    <\/form>\n\t\t\t\t<\/div>\n\t\t\t<\/div>\n\t\t<\/div>\n                    \n            <div class=\"row\">\n                            <div class=\"col-12 mt-3\">\n                <!--start card-->\n                <div class=\"card-wrapper card-space\">\n                    <div class=\"card card-bg card-big border-bottom-card\">\n                        <div class=\"card-body \">\n                                                        <div class=\"category-top\">\n                                                                                                            <span class=\"\">\n                                        <svg class=\"icon icon-secondary\">\n                                            <use xlink:href=\"https:\/\/conscordoba.esteri.it\/wp-content\/themes\/sedi-tema\/assets\/svg\/sprites.svg#it-calendar\"><\/use>\n                                        <\/svg> 3 Settembre 2026                                    <\/span>\n                                                                    <\/div>\n                            <h5 class=\"card-title big-heading text-uppercase\"><a class=\"text-body text-decoration-none\" href=\"https:\/\/conscordoba.esteri.it\/it\/news\/dal_consolato\/2026\/09\/indizione-delle-elezioni-dei-comites-3-settembre-2026\/\" title=\"INDIZIONE DELLE ELEZIONI DEI COMITES \u2013 3 SETTEMBRE 2026\">INDIZIONE DELLE ELEZIONI DEI COMITES \u2013 3 SETTEMBRE 2026<\/a><\/h5>\n                            <p class=\"card-text\">Con Decreto consolare del Capo dell\u2019Ufficio consolare di Cordoba sono indette le elezioni per l\u2019istituzione e il rinnovo del Comitato degli Italiani all\u2019estero di Cordoba. La data delle elezioni \u00e8 fissata al 4 dicembre 2026. Tale data corrisponde all\u2019ultimo giorno utile per far pervenire al proprio Consolato di riferimento la busta contenente la propria scheda [&hellip;]<\/p>\n                                <a title=\"INDIZIONE DELLE ELEZIONI DEI COMITES \u2013 3 SETTEMBRE 2026\" class=\"read-more\" href=\"https:\/\/conscordoba.esteri.it\/it\/news\/dal_consolato\/2026\/09\/indizione-delle-elezioni-dei-comites-3-settembre-2026\/\">\n                                    <span class=\"text\">Leggi di pi\u00f9<\/span>\n                                    <svg class=\"icon\">\n                                    <use xlink:href=\"https:\/\/conscordoba.esteri.it\/wp-content\/themes\/sedi-tema\/assets\/svg\/sprites.svg#it-arrow-right\"><\/use>\n                                    <\/svg>\n                                <\/a>\n                                                    <\/div>\n                    <\/div>\n                <\/div>\n                <!--end card-->\n                <\/div><!-- col-12 .mt-3-->\n                            <div class=\"col-12 mt-3\">\n                <!--start card-->\n                <div class=\"card-wrapper card-space\">\n                    <div class=\"card card-bg card-big border-bottom-card\">\n                        <div class=\"card-body \">\n                                                        <div class=\"category-top\">\n                                                                                                            <span class=\"\">\n                                        <svg class=\"icon icon-secondary\">\n                                            <use xlink:href=\"https:\/\/conscordoba.esteri.it\/wp-content\/themes\/sedi-tema\/assets\/svg\/sprites.svg#it-calendar\"><\/use>\n                                        <\/svg> 1 Settembre 2026                                    <\/span>\n                                                                    <\/div>\n                            <h5 class=\"card-title big-heading text-uppercase\"><a class=\"text-body text-decoration-none\" href=\"https:\/\/conscordoba.esteri.it\/it\/news\/dal_consolato\/2026\/09\/elezioni-com-it-es-2026-sai-gia-come-votare\/\" title=\"ELEZIONI COM.IT.ES 2026: SAI GI\u00c0 COME VOTARE?\">ELEZIONI COM.IT.ES 2026: SAI GI\u00c0 COME VOTARE?<\/a><\/h5>\n                            <p class=\"card-text\">Entro la fine del 2026 si terranno le elezioni per il rinnovo dei Com.It.Es. Ricordati di aggiornare il tuo indirizzo tramite il Portale FAST IT e di iscriverti nell\u2019elenco degli elettori. Scopri di pi\u00f9: https:\/\/conscordoba.esteri.it\/&#8230;\/elezioni-com-it-es-2026\/<\/p>\n                                <a title=\"ELEZIONI COM.IT.ES 2026: SAI GI\u00c0 COME VOTARE?\" class=\"read-more\" href=\"https:\/\/conscordoba.esteri.it\/it\/news\/dal_consolato\/2026\/09\/elezioni-com-it-es-2026-sai-gia-come-votare\/\">\n                                    <span class=\"text\">Leggi di pi\u00f9<\/span>\n                                    <svg class=\"icon\">\n                                    <use xlink:href=\"https:\/\/conscordoba.esteri.it\/wp-content\/themes\/sedi-tema\/assets\/svg\/sprites.svg#it-arrow-right\"><\/use>\n                                    <\/svg>\n                                <\/a>\n                                                    <\/div>\n                    <\/div>\n                <\/div>\n                <!--end card-->\n                <\/div><!-- col-12 .mt-3-->\n                            <div class=\"col-12 mt-3\">\n                <!--start card-->\n                <div class=\"card-wrapper card-space\">\n                    <div class=\"card card-bg card-big border-bottom-card\">\n                        <div class=\"card-body \">\n                                                        <div class=\"category-top\">\n                                                                                                            <span class=\"\">\n                                        <svg class=\"icon icon-secondary\">\n                                            <use xlink:href=\"https:\/\/conscordoba.esteri.it\/wp-content\/themes\/sedi-tema\/assets\/svg\/sprites.svg#it-calendar\"><\/use>\n                                        <\/svg> 27 Agosto 2026                                    <\/span>\n                                                                    <\/div>\n                            <h5 class=\"card-title big-heading text-uppercase\"><a class=\"text-body text-decoration-none\" href=\"https:\/\/conscordoba.esteri.it\/it\/news\/dal_consolato\/2026\/08\/elezioni-com-it-es-2026-cosa-fare-prima-del-voto\/\" title=\"ELEZIONI COM.IT.ES 2026: COSA FARE PRIMA DEL VOTO?\">ELEZIONI COM.IT.ES 2026: COSA FARE PRIMA DEL VOTO?<\/a><\/h5>\n                            <p class=\"card-text\">Entro la fine del 2026 si terranno le elezioni per il rinnovo dei Com.It.Es. Per votare, assicurati di aver aggiornato il tuo indirizzo tramite il portale FAST IT. Scopri di pi\u00f9 https:\/\/consbuenosaires.esteri.it\/&#8230;\/elezioni-comites-2026\/<\/p>\n                                <a title=\"ELEZIONI COM.IT.ES 2026: COSA FARE PRIMA DEL VOTO?\" class=\"read-more\" href=\"https:\/\/conscordoba.esteri.it\/it\/news\/dal_consolato\/2026\/08\/elezioni-com-it-es-2026-cosa-fare-prima-del-voto\/\">\n                                    <span class=\"text\">Leggi di pi\u00f9<\/span>\n                                    <svg class=\"icon\">\n                                    <use xlink:href=\"https:\/\/conscordoba.esteri.it\/wp-content\/themes\/sedi-tema\/assets\/svg\/sprites.svg#it-arrow-right\"><\/use>\n                                    <\/svg>\n                                <\/a>\n                                                    <\/div>\n                    <\/div>\n                <\/div>\n                <!--end card-->\n                <\/div><!-- col-12 .mt-3-->\n                            <div class=\"col-12 mt-3\">\n                <!--start card-->\n                <div class=\"card-wrapper card-space\">\n                    <div class=\"card card-bg card-big border-bottom-card\">\n                        <div class=\"card-body \">\n                                                        <div class=\"category-top\">\n                                                                                                            <span class=\"\">\n                                        <svg class=\"icon icon-secondary\">\n                                            <use xlink:href=\"https:\/\/conscordoba.esteri.it\/wp-content\/themes\/sedi-tema\/assets\/svg\/sprites.svg#it-calendar\"><\/use>\n                                        <\/svg> 17 Agosto 2026                                    <\/span>\n                                                                    <\/div>\n                            <h5 class=\"card-title big-heading text-uppercase\"><a class=\"text-body text-decoration-none\" href=\"https:\/\/conscordoba.esteri.it\/it\/news\/dal_consolato\/2026\/08\/elezioni-com-it-es-2026-come-partecipare-e-modalita-di-espressione-del-voto\/\" title=\"Elezioni Com.It.Es 2026 &#8211; Come partecipare e modalit\u00e0 di espressione del voto\">Elezioni Com.It.Es 2026 &#8211; Come partecipare e modalit\u00e0 di espressione del voto<\/a><\/h5>\n                            <p class=\"card-text\">Le elezioni per il rinnovo e l\u2019istituzione dei COMITES si terranno entro la fine del 2026. I Comitati degli italiani all\u2019estero sono organi di rappresentanza della collettivit\u00e0 italiana nei rapporti con le rappresentanze diplomatico-consolari e operano per l\u2019integrazione della comunit\u00e0 italiana residente nel Paese straniero in cui si trovano. A questo importante appuntamento elettorale potranno [&hellip;]<\/p>\n                                <a title=\"Elezioni Com.It.Es 2026 &#8211; Come partecipare e modalit\u00e0 di espressione del voto\" class=\"read-more\" href=\"https:\/\/conscordoba.esteri.it\/it\/news\/dal_consolato\/2026\/08\/elezioni-com-it-es-2026-come-partecipare-e-modalita-di-espressione-del-voto\/\">\n                                    <span class=\"text\">Leggi di pi\u00f9<\/span>\n                                    <svg class=\"icon\">\n                                    <use xlink:href=\"https:\/\/conscordoba.esteri.it\/wp-content\/themes\/sedi-tema\/assets\/svg\/sprites.svg#it-arrow-right\"><\/use>\n                                    <\/svg>\n                                <\/a>\n                                                    <\/div>\n                    <\/div>\n                <\/div>\n                <!--end card-->\n                <\/div><!-- col-12 .mt-3-->\n                            <div class=\"col-12 mt-3\">\n                <!--start card-->\n                <div class=\"card-wrapper card-space\">\n                    <div class=\"card card-bg card-big border-bottom-card\">\n                        <div class=\"card-body \">\n                                                        <div class=\"category-top\">\n                                                                                                            <span class=\"\">\n                                        <svg class=\"icon icon-secondary\">\n                                            <use xlink:href=\"https:\/\/conscordoba.esteri.it\/wp-content\/themes\/sedi-tema\/assets\/svg\/sprites.svg#it-calendar\"><\/use>\n                                        <\/svg> 14 Agosto 2026                                    <\/span>\n                                                                    <\/div>\n                            <h5 class=\"card-title big-heading text-uppercase\"><a class=\"text-body text-decoration-none\" href=\"https:\/\/conscordoba.esteri.it\/it\/news\/dal_consolato\/2026\/08\/elezione-com-it-es-2026-predisposizione-e-presentazione-delle-liste-elettorali-sottoscrizione-ed-autentica-delle-firme\/\" title=\"Elezione Com.It.Es 2026 &#8211; Predisposizione e presentazione delle liste elettorali. Sottoscrizione ed autentica delle firme\">Elezione Com.It.Es 2026 &#8211; Predisposizione e presentazione delle liste elettorali. Sottoscrizione ed autentica delle firme<\/a><\/h5>\n                            <p class=\"card-text\">Nel 2026 avranno luogo le elezioni per il rinnovo dei Comitati degli Italiani all\u2019Estero (Com.It.Es.). Ai sensi dell\u2019art. 14 del DPR 395\/2003, le liste possono essere presentate all\u2019Ufficio elettorale nelle ore d\u2019ufficio dal ventesimo al trentesimo giorno successivo all\u2019indizione. La raccolta delle firme, la sottoscrizione delle liste e le relative autentiche possono avvenire sin da [&hellip;]<\/p>\n                                <a title=\"Elezione Com.It.Es 2026 &#8211; Predisposizione e presentazione delle liste elettorali. Sottoscrizione ed autentica delle firme\" class=\"read-more\" href=\"https:\/\/conscordoba.esteri.it\/it\/news\/dal_consolato\/2026\/08\/elezione-com-it-es-2026-predisposizione-e-presentazione-delle-liste-elettorali-sottoscrizione-ed-autentica-delle-firme\/\">\n                                    <span class=\"text\">Leggi di pi\u00f9<\/span>\n                                    <svg class=\"icon\">\n                                    <use xlink:href=\"https:\/\/conscordoba.esteri.it\/wp-content\/themes\/sedi-tema\/assets\/svg\/sprites.svg#it-arrow-right\"><\/use>\n                                    <\/svg>\n                                <\/a>\n                                                    <\/div>\n                    <\/div>\n                <\/div>\n                <!--end card-->\n                <\/div><!-- col-12 .mt-3-->\n                            <div class=\"col-12 mt-3\">\n                <!--start card-->\n                <div class=\"card-wrapper card-space\">\n                    <div class=\"card card-bg card-big border-bottom-card\">\n                        <div class=\"card-body \">\n                                                        <div class=\"category-top\">\n                                                                                                            <span class=\"\">\n                                        <svg class=\"icon icon-secondary\">\n                                            <use xlink:href=\"https:\/\/conscordoba.esteri.it\/wp-content\/themes\/sedi-tema\/assets\/svg\/sprites.svg#it-calendar\"><\/use>\n                                        <\/svg> 7 Agosto 2026                                    <\/span>\n                                                                    <\/div>\n                            <h5 class=\"card-title big-heading text-uppercase\"><a class=\"text-body text-decoration-none\" href=\"https:\/\/conscordoba.esteri.it\/it\/news\/dal_consolato\/2026\/08\/messaggio-del-vice-presidente-del-consiglio-dei-ministri-e-ministro-degli-affari-esteri-e-della-cooperazione-internazionale-on-antonio-tajani-in-occasione-del-70-anniversario-della-tragedia-d\/\" title=\"MESSAGGIO DEL VICE PRESIDENTE DEL CONSIGLIO DEI MINISTRI E MINISTRO DEGLI AFFARI ESTERI E DELLA COOPERAZIONE INTERNAZIONALE, ON. ANTONIO TAJANI, IN OCCASIONE DEL 70\u00b0 ANNIVERSARIO DELLA TRAGEDIA DI MARCINELLE E DELLA 25\u00aa GIORNATA NAZIONALE DEL SACRIFICIO DEL LAVORO ITALIANO NEL MONDO.\">MESSAGGIO DEL VICE PRESIDENTE DEL CONSIGLIO DEI MINISTRI E MINISTRO DEGLI AFFARI ESTERI E DELLA COOPERAZIONE INTERNAZIONALE, ON. ANTONIO TAJANI, IN OCCASIONE DEL 70\u00b0 ANNIVERSARIO DELLA TRAGEDIA DI MARCINELLE E DELLA 25\u00aa GIORNATA NAZIONALE DEL SACRIFICIO DEL LAVORO ITALIANO NEL MONDO.<\/a><\/h5>\n                            <p class=\"card-text\">&#8220;Settant\u2019anni fa, l\u20198 agosto 1956, Marcinelle entr\u00f2 per sempre nella memoria collettiva del nostro Paese e dell\u2019Europa. Nel pozzo del Bois du Cazier persero la vita 262 lavoratori di dodici nazionalit\u00e0, di cui 136 italiani. Oggi li ricordiamo uno ad uno. Dietro quei numeri vi erano nomi, volti, famiglie, speranze. Uomini partiti per costruire, attraverso [&hellip;]<\/p>\n                                <a title=\"MESSAGGIO DEL VICE PRESIDENTE DEL CONSIGLIO DEI MINISTRI E MINISTRO DEGLI AFFARI ESTERI E DELLA COOPERAZIONE INTERNAZIONALE, ON. ANTONIO TAJANI, IN OCCASIONE DEL 70\u00b0 ANNIVERSARIO DELLA TRAGEDIA DI MARCINELLE E DELLA 25\u00aa GIORNATA NAZIONALE DEL SACRIFICIO DEL LAVORO ITALIANO NEL MONDO.\" class=\"read-more\" href=\"https:\/\/conscordoba.esteri.it\/it\/news\/dal_consolato\/2026\/08\/messaggio-del-vice-presidente-del-consiglio-dei-ministri-e-ministro-degli-affari-esteri-e-della-cooperazione-internazionale-on-antonio-tajani-in-occasione-del-70-anniversario-della-tragedia-d\/\">\n                                    <span class=\"text\">Leggi di pi\u00f9<\/span>\n                                    <svg class=\"icon\">\n                                    <use xlink:href=\"https:\/\/conscordoba.esteri.it\/wp-content\/themes\/sedi-tema\/assets\/svg\/sprites.svg#it-arrow-right\"><\/use>\n                                    <\/svg>\n                                <\/a>\n                                                    <\/div>\n                    <\/div>\n                <\/div>\n                <!--end card-->\n                <\/div><!-- col-12 .mt-3-->\n                            <div class=\"col-12 mt-3\">\n                <!--start card-->\n                <div class=\"card-wrapper card-space\">\n                    <div class=\"card card-bg card-big border-bottom-card\">\n                        <div class=\"card-body \">\n                                                        <div class=\"category-top\">\n                                                                                                            <span class=\"\">\n                                        <svg class=\"icon icon-secondary\">\n                                            <use xlink:href=\"https:\/\/conscordoba.esteri.it\/wp-content\/themes\/sedi-tema\/assets\/svg\/sprites.svg#it-calendar\"><\/use>\n                                        <\/svg> 22 Luglio 2026                                    <\/span>\n                                                                    <\/div>\n                            <h5 class=\"card-title big-heading text-uppercase\"><a class=\"text-body text-decoration-none\" href=\"https:\/\/conscordoba.esteri.it\/it\/news\/dal_consolato\/2026\/07\/cessazione-della-validita-della-carta-didentita-cartacea-per-lespatrio-dal-3-agosto\/\" title=\"Cessazione della validit\u00e0 della carta d\u2019identit\u00e0 cartacea per l\u2019espatrio dal 3 agosto\">Cessazione della validit\u00e0 della carta d\u2019identit\u00e0 cartacea per l\u2019espatrio dal 3 agosto<\/a><\/h5>\n                            <p class=\"card-text\">A partire dal 3 agosto 2026 la versione cartacea della carta di identit\u00e0 cesser\u00e0 di essere valida per l\u2019espatrio, indipendentemente dalla data di scadenza riportata sul retro. Il DL 26\/06\/2026 n.108 ha introdotto alcune modifiche importanti: La Carta d\u2019Identit\u00e0 Cartacea non scaduta pu\u00f2 essere utilizzata come strumento identificativo nei rapporti con la Pubblica Amministrazione italiana [&hellip;]<\/p>\n                                <a title=\"Cessazione della validit\u00e0 della carta d\u2019identit\u00e0 cartacea per l\u2019espatrio dal 3 agosto\" class=\"read-more\" href=\"https:\/\/conscordoba.esteri.it\/it\/news\/dal_consolato\/2026\/07\/cessazione-della-validita-della-carta-didentita-cartacea-per-lespatrio-dal-3-agosto\/\">\n                                    <span class=\"text\">Leggi di pi\u00f9<\/span>\n                                    <svg class=\"icon\">\n                                    <use xlink:href=\"https:\/\/conscordoba.esteri.it\/wp-content\/themes\/sedi-tema\/assets\/svg\/sprites.svg#it-arrow-right\"><\/use>\n                                    <\/svg>\n                                <\/a>\n                                                    <\/div>\n                    <\/div>\n                <\/div>\n                <!--end card-->\n                <\/div><!-- col-12 .mt-3-->\n                            <div class=\"col-12 mt-3\">\n                <!--start card-->\n                <div class=\"card-wrapper card-space\">\n                    <div class=\"card card-bg card-big border-bottom-card\">\n                        <div class=\"card-body \">\n                                                        <div class=\"category-top\">\n                                                                                                            <span class=\"\">\n                                        <svg class=\"icon icon-secondary\">\n                                            <use xlink:href=\"https:\/\/conscordoba.esteri.it\/wp-content\/themes\/sedi-tema\/assets\/svg\/sprites.svg#it-calendar\"><\/use>\n                                        <\/svg> 22 Luglio 2026                                    <\/span>\n                                                                    <\/div>\n                            <h5 class=\"card-title big-heading text-uppercase\"><a class=\"text-body text-decoration-none\" href=\"https:\/\/conscordoba.esteri.it\/it\/news\/dal_consolato\/2026\/07\/elezioni-dei-comites-2026\/\" title=\"Elezioni dei COMITES 2026\">Elezioni dei COMITES 2026<\/a><\/h5>\n                            <p class=\"card-text\">Nel 2026 avranno luogo le elezioni per il per il rinnovo dei Comitati degli Italiani all\u2019Estero (Com.It.Es). I Com.It.Es. sono organismi che rappresentano i connazionali all\u2019estero nei rapporti con Ambasciate e Consolati e ne favoriscono l\u2019integrazione. Hanno inoltre il compito di preservare la memoria storica dell\u2019emigrazione italiana e valorizzare il contributo italiano nelle societ\u00e0 in [&hellip;]<\/p>\n                                <a title=\"Elezioni dei COMITES 2026\" class=\"read-more\" href=\"https:\/\/conscordoba.esteri.it\/it\/news\/dal_consolato\/2026\/07\/elezioni-dei-comites-2026\/\">\n                                    <span class=\"text\">Leggi di pi\u00f9<\/span>\n                                    <svg class=\"icon\">\n                                    <use xlink:href=\"https:\/\/conscordoba.esteri.it\/wp-content\/themes\/sedi-tema\/assets\/svg\/sprites.svg#it-arrow-right\"><\/use>\n                                    <\/svg>\n                                <\/a>\n                                                    <\/div>\n                    <\/div>\n                <\/div>\n                <!--end card-->\n                <\/div><!-- col-12 .mt-3-->\n                            <div class=\"col-12 mt-3\">\n                <!--start card-->\n                <div class=\"card-wrapper card-space\">\n                    <div class=\"card card-bg card-big border-bottom-card\">\n                        <div class=\"card-body \">\n                                                        <div class=\"category-top\">\n                                                                                                            <span class=\"\">\n                                        <svg class=\"icon icon-secondary\">\n                                            <use xlink:href=\"https:\/\/conscordoba.esteri.it\/wp-content\/themes\/sedi-tema\/assets\/svg\/sprites.svg#it-calendar\"><\/use>\n                                        <\/svg> 8 Luglio 2026                                    <\/span>\n                                                                    <\/div>\n                            <h5 class=\"card-title big-heading text-uppercase\"><a class=\"text-body text-decoration-none\" href=\"https:\/\/conscordoba.esteri.it\/it\/news\/dal_consolato\/2026\/07\/carta-didentita-elettronica-cie-abilitazione-nuovi-appuntamenti-3\/\" title=\"Carta d\u2019identit\u00e0 elettronica (CIE): ABILITAZIONE NUOVI APPUNTAMENTI\">Carta d\u2019identit\u00e0 elettronica (CIE): ABILITAZIONE NUOVI APPUNTAMENTI<\/a><\/h5>\n                            <p class=\"card-text\">Si comunica che l\u2019abilitazione dei nuovi appuntamenti per il rilascio della carta d\u2019identit\u00e0 elettronica (CIE) sar\u00e0 luned\u00ec 13 luglio 2026, alle ore 11:00 argentine. La prenotazione dell\u2019appuntamento si effettua esclusivamente tramite il portale\u00a0ufficiale e gratuito\u00a0Prenot@mi.<\/p>\n                                <a title=\"Carta d\u2019identit\u00e0 elettronica (CIE): ABILITAZIONE NUOVI APPUNTAMENTI\" class=\"read-more\" href=\"https:\/\/conscordoba.esteri.it\/it\/news\/dal_consolato\/2026\/07\/carta-didentita-elettronica-cie-abilitazione-nuovi-appuntamenti-3\/\">\n                                    <span class=\"text\">Leggi di pi\u00f9<\/span>\n                                    <svg class=\"icon\">\n                                    <use xlink:href=\"https:\/\/conscordoba.esteri.it\/wp-content\/themes\/sedi-tema\/assets\/svg\/sprites.svg#it-arrow-right\"><\/use>\n                                    <\/svg>\n                                <\/a>\n                                                    <\/div>\n                    <\/div>\n                <\/div>\n                <!--end card-->\n                <\/div><!-- col-12 .mt-3-->\n                            <div class=\"col-12 mt-3\">\n                <!--start card-->\n                <div class=\"card-wrapper card-space\">\n                    <div class=\"card card-bg card-big border-bottom-card\">\n                        <div class=\"card-body \">\n                                                        <div class=\"category-top\">\n                                                                                                            <span class=\"\">\n                                        <svg class=\"icon icon-secondary\">\n                                            <use xlink:href=\"https:\/\/conscordoba.esteri.it\/wp-content\/themes\/sedi-tema\/assets\/svg\/sprites.svg#it-calendar\"><\/use>\n                                        <\/svg> 7 Luglio 2026                                    <\/span>\n                                                                    <\/div>\n                            <h5 class=\"card-title big-heading text-uppercase\"><a class=\"text-body text-decoration-none\" href=\"https:\/\/conscordoba.esteri.it\/it\/news\/dal_consolato\/2026\/07\/cittadinanza-ricostruzione-iure-sanguinis-abilitazione-appuntamenti-7\/\" title=\"Cittadinanza \u2013 Ricostruzione Iure Sanguinis: Abilitazione appuntamenti\">Cittadinanza \u2013 Ricostruzione Iure Sanguinis: Abilitazione appuntamenti<\/a><\/h5>\n                            <p class=\"card-text\">Si comunica che l\u2019abilitazione dei nuovi appuntamenti per il servizio di cittadinanza \u201cRicostruzione \u2013 Iure Sanguinis\u201d sar\u00e0\u00a0venerd\u00ec 10 luglio 2026 alle \u00a011:00 ora argentina. La prenotazione dell\u2019appuntamento si effettua esclusivamente tramite il portale\u00a0ufficiale e gratuito\u00a0Prenot@mi.<\/p>\n                                <a title=\"Cittadinanza \u2013 Ricostruzione Iure Sanguinis: Abilitazione appuntamenti\" class=\"read-more\" href=\"https:\/\/conscordoba.esteri.it\/it\/news\/dal_consolato\/2026\/07\/cittadinanza-ricostruzione-iure-sanguinis-abilitazione-appuntamenti-7\/\">\n                                    <span class=\"text\">Leggi di pi\u00f9<\/span>\n                                    <svg class=\"icon\">\n                                    <use xlink:href=\"https:\/\/conscordoba.esteri.it\/wp-content\/themes\/sedi-tema\/assets\/svg\/sprites.svg#it-arrow-right\"><\/use>\n                                    <\/svg>\n                                <\/a>\n                                                    <\/div>\n                    <\/div>\n                <\/div>\n                <!--end card-->\n                <\/div><!-- col-12 .mt-3-->\n            \n            <div class=\"col-md-12 mt-4 pb-4\">\n                <nav class=\"navigation col-md-12\" aria-label=\"Navigation\">\n                    <h2 class=\"screen-reader-text visually-hidden\">Paginazione<\/h2>\n                    <div class=\"nav-links\">\n                    <span aria-current=\"page\" class=\"page-numbers current\">1<\/span>\n<a class=\"page-numbers\" href=\"https:\/\/conscordoba.esteri.it\/it\/wp-json\/wp\/v2\/pages\/55\/?pag=2\">2<\/a>\n<a class=\"page-numbers\" href=\"https:\/\/conscordoba.esteri.it\/it\/wp-json\/wp\/v2\/pages\/55\/?pag=3\">3<\/a>\n<span class=\"page-numbers dots\">&hellip;<\/span>\n<a class=\"page-numbers\" href=\"https:\/\/conscordoba.esteri.it\/it\/wp-json\/wp\/v2\/pages\/55\/?pag=89\">89<\/a>\n<a class=\"next page-numbers\" href=\"https:\/\/conscordoba.esteri.it\/it\/wp-json\/wp\/v2\/pages\/55\/?pag=2\"><svg class=\"icon icon-primary\"><use xlink:href=\"https:\/\/conscordoba.esteri.it\/wp-content\/themes\/sedi-tema\/assets\/svg\/sprites.svg#it-chevron-right\"><\/use><\/svg>\n                                    <span class=\"visually-hidden\">Pagina successiva<\/span><\/a>                    <\/div>\n                <\/nav>\n            <\/div>   <!--.col-md-12 -->\n              <\/div><!--.row -->\n              \n","protected":false},"excerpt":{"rendered":"","protected":false},"author":1,"featured_media":0,"parent":21,"menu_order":0,"comment_status":"closed","ping_status":"closed","template":"","meta":{"footnotes":""},"class_list":["post-55","page","type-page","status-publish","hentry"],"_links":{"self":[{"href":"https:\/\/conscordoba.esteri.it\/it\/wp-json\/wp\/v2\/pages\/55","targetHints":{"allow":["GET"]}}],"collection":[{"href":"https:\/\/conscordoba.esteri.it\/it\/wp-json\/wp\/v2\/pages"}],"about":[{"href":"https:\/\/conscordoba.esteri.it\/it\/wp-json\/wp\/v2\/types\/page"}],"author":[{"embeddable":true,"href":"https:\/\/conscordoba.esteri.it\/it\/wp-json\/wp\/v2\/users\/1"}],"replies":[{"embeddable":true,"href":"https:\/\/conscordoba.esteri.it\/it\/wp-json\/wp\/v2\/comments?post=55"}],"version-history":[{"count":0,"href":"https:\/\/conscordoba.esteri.it\/it\/wp-json\/wp\/v2\/pages\/55\/revisions"}],"up":[{"embeddable":true,"href":"https:\/\/conscordoba.esteri.it\/it\/wp-json\/wp\/v2\/pages\/21"}],"wp:attachment":[{"href":"https:\/\/conscordoba.esteri.it\/it\/wp-json\/wp\/v2\/media?parent=55"}],"curies":[{"name":"wp","href":"https:\/\/api.w.org\/{rel}","templated":true}]}}